{"id":2182,"date":"2026-01-25T00:09:49","date_gmt":"2026-01-24T23:09:49","guid":{"rendered":"https:\/\/star-of-light.nl\/?post_type=event_listing&#038;p=2182"},"modified":"2026-03-31T09:58:28","modified_gmt":"2026-03-31T07:58:28","slug":"source-sounds-into-stillness","status":"publish","type":"event_listing","link":"https:\/\/star-of-light.nl\/de\/veranstaltung\/source-sounds-into-stillness\/","title":{"rendered":"In die Stille - Quellenkl\u00e4nge"},"content":{"rendered":"<div class=\"wp-block-uagb-info-box uagb-block-7aaff8cf uagb-infobox__content-wrap  uagb-infobox-icon-above-title uagb-infobox-image-valign-top\"><div class=\"uagb-ifb-content\"><div class=\"uagb-ifb-title-wrap\"><h3 class=\"uagb-ifb-title-prefix\">Into Stillness<\/h3><p class=\"uagb-ifb-title\">Eine Sonnen-Resonanz-Zeremonie<\/p><\/div><p class=\"uagb-ifb-desc\">Source Sounds ist ein Feld von Klang, Pr\u00e4senz und Erinnerung.<br>Jede Zeremonie steht f\u00fcr sich, bewegt sich aber gleichzeitig in einem gr\u00f6\u00dferen Rhythmus von Sonne, Mond und verk\u00f6rperter Weisheit.<\/p><div class=\"uagb-ifb-button-wrapper wp-block-button\"><a href=\"https:\/\/star-of-light.nl\/de\/source-sounds\/\" target=\"_self\" onclick=\"return true;\" class=\"uagb-infobox-cta-link\" rel=\"noopener noreferrer\"><span class=\"uagb-inline-editing\">Entdecken Sie das Programm des Jahres<\/span><svg xmlns=\"https:\/\/www.w3.org\/2000\/svg\" viewbox=\"0 0 512 512\"><path d=\"M504.3 273.6l-112.1 104c-6.992 6.484-17.18 8.218-25.94 4.406c-8.758-3.812-14.42-12.45-14.42-21.1L351.9 288H32C14.33 288 .0002 273.7 .0002 255.1S14.33 224 32 224h319.9l0-72c0-9.547 5.66-18.19 14.42-22c8.754-3.809 18.95-2.075 25.94 4.41l112.1 104C514.6 247.9 514.6 264.1 504.3 273.6z\"><\/path><\/svg><\/a><\/div><\/div><\/div>\n\n\n\n<hr class=\"wp-block-separator has-text-color has-ast-global-color-3-color has-alpha-channel-opacity has-ast-global-color-3-background-color has-background\"\/>\n\n\n\n<p class=\"has-text-align-center has-ast-global-color-2-color has-text-color has-link-color wp-elements-8b0b76fc942cdef543b3fa07a83c7f5b\"><strong>Zero Point \u00b7 Bone-Deep Truth \u00b7 Void \u00b7 Womb \u00b7 Ether<\/strong><\/p>\n\n\n\n<p class=\"has-text-align-center has-ast-global-color-3-color has-text-color has-link-color wp-elements-1c784828378e3e20d57932399fc5f0bb\">De langste nacht.<\/p>\n\n\n\n<p class=\"has-text-align-center has-ast-global-color-3-color has-text-color has-link-color wp-elements-e6305a3381533eaba01bd002ba81fe9b\" style=\"line-height:2\">Het wiel vertraagt.<br>De beweging valt stil.<br>Het moment waarop <br>de wereld even ademhaalt.<\/p>\n\n\n\n<p class=\"has-text-align-center has-ast-global-color-3-color has-text-color has-link-color wp-elements-630838e9d2488c899a9b936b8c03dfbc\" style=\"line-height:2\">Hier, in deze diepe stilte<br>verschuift het veld.<br>Niet door te zoeken \u2014 <br>maar door te luisteren.<\/p>\n\n\n\n<p class=\"has-text-align-center has-ast-global-color-3-color has-text-color has-link-color wp-elements-9fa244f4b31f159e47ad68ef913dd848\">Into Stillness.<\/p>\n\n\n\n<p class=\"has-text-align-center has-ast-global-color-3-color has-text-color has-link-color wp-elements-608ca60302a15e526ae02e456058fd33\" style=\"line-height:2\">Hier valt af<br>wat je niet hoeft te dragen.<\/p>\n\n\n\n<p class=\"has-text-align-center has-ast-global-color-3-color has-text-color has-link-color wp-elements-9eef1533601310b8b1db8a2592ce1fc2\" style=\"line-height:2\">Wat overblijft<br>is eenvoud.<br>Aanwezigheid.<br>Je kern.<\/p>\n\n\n\n<p class=\"has-text-align-center has-ast-global-color-3-color has-text-color has-link-color wp-elements-9a0bd6e0245ac4ef2d800bf0adec5018\" style=\"line-height:2\">Hier begint het opnieuw.<br>In het donker.<br>In het niet-weten.<br>In de stilte.<\/p>\n\n\n\n<p class=\"has-text-align-center has-ast-global-color-3-color has-text-color has-link-color wp-elements-8258854eccdf69bf5f9653b03ce9ce20\" style=\"line-height:2\">Wenn Sie sich davon angesprochen f\u00fchlen, sind Sie herzlich willkommen.<\/p>\n\n\n\n<p class=\"has-ast-global-color-3-color has-text-color has-link-color wp-elements-89e78f4ea7592b9009331e96d2a9443f\" style=\"margin-top:var(--wp--preset--spacing--80);margin-bottom:var(--wp--preset--spacing--80)\"><strong>Beitrag f\u00fcr diesen Abend: <\/strong>\u20ac 55<\/p>\n\n\n\n<h5 class=\"wp-block-heading has-text-align-center\" style=\"margin-top:var(--wp--preset--spacing--80)\">- Einstreu &amp; praktische Informationen -<\/h5>\n\n\n\n<details class=\"wp-block-details has-ast-global-color-0-color has-text-color has-link-color wp-elements-1a4fda7dafdfba1d94bda5dc0fb47617 is-layout-flow wp-container-core-details-is-layout-8a368f38 wp-block-details-is-layout-flow\" style=\"line-height:2\"><summary><strong>\u2727 DAS FELD<\/strong><\/summary>\n<p class=\"has-ast-global-color-3-color has-text-color has-link-color wp-elements-1145081fd6973967dbbbeb6ed3282f19\" style=\"line-height:2\">We openen met aarde en adem,<br>zodat je lichaam kan zakken <br>onder alle ruis.<\/p>\n\n\n\n<p class=\"has-ast-global-color-3-color has-text-color has-link-color wp-elements-2943124f528062b764281ebd5b1fda34\" style=\"line-height:2\">Adem zakt.<br>Het lichaam wordt stil.<br>Klank ontstaat \u2014<br>uit die stilte.<\/p>\n\n\n\n<p class=\"has-ast-global-color-3-color has-text-color has-link-color wp-elements-e9b7e92d2242a033769300ce589892e3\" style=\"line-height:2\">Weich.<br>Rauw.<br>Puur.<\/p>\n\n\n\n<p class=\"has-ast-global-color-3-color has-text-color has-link-color wp-elements-b217bf07cb4d5a921de768d290df3d78\" style=\"line-height:2\">Niet om te openen<br>of te bewegen,<br>maar om te dragen<br>wat al stil is.<\/p>\n\n\n\n<p class=\"has-ast-global-color-3-color has-text-color has-link-color wp-elements-4cf6e11d084bf0df8778e9112a0cf4d1\" style=\"line-height:2\">Luisteren.<br>Herinneren.<br>Weten.<\/p>\n\n\n\n<p class=\"has-ast-global-color-3-color has-text-color has-link-color wp-elements-be35634dd4427c17b55e52a4fc4b2692\" style=\"line-height:2\">Klank als bedding.<br>Een veld<br>dat rust in zichzelf.<\/p>\n<\/details>\n\n\n\n<details class=\"wp-block-details has-ast-global-color-0-color has-text-color has-link-color wp-elements-1d487a4e7af12e28927b7109fe387519 is-layout-flow wp-block-details-is-layout-flow\" style=\"line-height:1.5\"><summary><strong>\u2727 DE UIL<\/strong><\/summary>\n<p class=\"has-ast-global-color-3-color has-text-color has-link-color wp-elements-bd123675a1ca7eed76c54338c603b81f\" style=\"line-height:2\">Uil verschijnt<br>niet om iets te tonen,<br>maar om aan te kondigen.<\/p>\n\n\n\n<p class=\"has-ast-global-color-3-color has-text-color has-link-color wp-elements-6936c0b9aba0e92ee20676c6c676f827\" style=\"line-height:2\">Zijn roep komt<br>wanneer iets beweegt<br>tussen werelden.<br>Nicht sichtbar.<br>Maar nabij.<\/p>\n\n\n\n<p class=\"has-ast-global-color-3-color has-text-color has-link-color wp-elements-e7f230323d3fff3b2e5f3b8440dbe841\" style=\"line-height:2\">Zijn aanwezigheid vraagt<br>geen actie,<br>maar aandacht.<br>Luisteren.<br>Een aanwezigheid<br>die niets invult.<\/p>\n\n\n\n<p class=\"has-ast-global-color-3-color has-text-color has-link-color wp-elements-075ff45718f154a339e809d40fb199c9\" style=\"line-height:2\">Wanneer uil er is,<br>is het moment gekomen<br>om stil te blijven.<br>Om waar te nemen<br>wat zich laat voelen<br>zonder vorm te krijgen.<\/p>\n<\/details>\n\n\n\n<details class=\"wp-block-details has-ast-global-color-0-color has-text-color has-link-color wp-elements-b333335c7632bd4cd6ef39defa1103bd is-layout-flow wp-block-details-is-layout-flow\"><summary><strong>\u2727 DIE EINLADUNG<\/strong><\/summary>\n<p class=\"has-ast-global-color-3-color has-text-color has-link-color wp-elements-7431f16afd55d2325fb1615b7adbebb3\" style=\"line-height:2\">Dieser Abend l\u00e4dt Sie ein<br>om niets te hoeven doen.<\/p>\n\n\n\n<p class=\"has-ast-global-color-3-color has-text-color has-link-color wp-elements-a263c825acf8c0a9008ae41020b4c66e\" style=\"line-height:2\">Om te blijven<br>bij wat er is<br>zonder het te benoemen.<\/p>\n\n\n\n<p class=\"has-ast-global-color-3-color has-text-color has-link-color wp-elements-a8d23ed57343edf6403869be6a30f850\" style=\"line-height:2\">Ein Raum<br>waar stilte niet leeg is.<br>Waar donker<br>geen gebrek betekent.<\/p>\n\n\n\n<p class=\"has-ast-global-color-3-color has-text-color has-link-color wp-elements-2fd5091025685df1bd2e08c0998f0e9c\" style=\"line-height:2\">Sie brauchen nichts zu verstehen.<br>Niets te veranderen.<\/p>\n\n\n\n<p class=\"has-ast-global-color-3-color has-text-color has-link-color wp-elements-3611163970a0ed61a17f9c80906d1460\" style=\"line-height:2\">Sie k\u00f6nnen sich ausruhen<br>in het nulpunt.<br>In dat stille midden<br>waar iets nieuws<br>nog geen vorm heeft aangenomen.<\/p>\n\n\n\n<p class=\"has-ast-global-color-3-color has-text-color has-link-color wp-elements-ed52f02def70c355b1edd163a7d482e9\" style=\"line-height:2\">Alleen jij.<br>De bedding.<br>De klank.<\/p>\n\n\n\n<p class=\"has-ast-global-color-3-color has-text-color has-link-color wp-elements-65c9dc7d9c0a47d3b835b428e740f9ed\" style=\"line-height:2\">En het zachte weten<br>dat het licht<br>zal terugkeren<br>Wenn es an der Zeit ist.<\/p>\n<\/details>\n\n\n\n<details class=\"wp-block-details has-ast-global-color-0-color has-text-color has-link-color wp-elements-acc32b7bbedac78ec01edaaf8c530765 is-layout-flow wp-block-details-is-layout-flow\"><summary><strong>\u2727 \u00dcBER DIESE ABENDE<\/strong><\/summary>\n<p class=\"has-ast-global-color-8-color has-text-color has-link-color wp-elements-7e847b3845f9064a41975f64816656cf\" style=\"line-height:2\">Jeder Abend ist eine Einladung, zu sich selbst nach Hause zu kommen. Zuzuh\u00f6ren, zu f\u00fchlen, loszulassen, sich zu erinnern. <\/p>\n\n\n\n<p class=\"has-ast-global-color-8-color has-text-color has-link-color wp-elements-73cb3e5b14d0b0d2f7a88904993c47c7\" style=\"line-height:2\">Zusammen bilden die Abende der Quellenkl\u00e4nge ein tragendes Bett. Sie k\u00f6nnen einmal teilnehmen oder mehrere Abende im Laufe des Jahres besuchen.<\/p>\n\n\n\n<p class=\"has-ast-global-color-8-color has-text-color has-link-color wp-elements-8f1a6d42897e1a9199ca42eb17fc1c8f\" style=\"line-height:2\">Jede Zeremonie ist ein heiliger Raum, in dem du eingeladen bist, dich zu versenken, zu \u00f6ffnen und zu erinnern. Die Form ergibt sich aus dem Moment. Abgestimmt auf die Jahreszeit, das Feld, die Sonne, den Mond und die anwesenden Menschen.<br><em>Wir arbeiten intuitiv mit Elementen des Schamanismus, der K\u00f6rperweisheit und der Klangheilung, eingestimmt auf die Energie der Jahreszeit und der Gruppe.<\/em><\/p>\n\n\n\n<p class=\"has-ast-global-color-8-color has-text-color has-link-color wp-elements-ec727c735a3f9e6b12c4dec320cd1ae0\" style=\"line-height:2\">Der Klang tr\u00e4gt die Reise. Die Klangreise bildet das Bett aus Schwingung und Stille, in dem sich entfaltet, was n\u00f6tig ist, um zu sinken, den tieferen Schichten zu folgen und zu integrieren. Zuvor stimmen wir K\u00f6rper und Aufmerksamkeit durch Atem, Bewegung oder F\u00fchrung ein.<\/p>\n\n\n\n<p class=\"has-ast-global-color-8-color has-text-color has-link-color wp-elements-a6362baae13961d6a9af6f27923034a5\" style=\"line-height:2\">Jeder Abend ist ein Moment des Nach-Hause-Kommens - ein Innehalten in der Zeit, eine Landung in deinem K\u00f6rper und deinem Herzen.<\/p>\n<\/details>\n\n\n\n<details class=\"wp-block-details has-ast-global-color-0-color has-text-color has-link-color wp-elements-0703ff2c520356de31f49917335f1d7a is-layout-flow wp-block-details-is-layout-flow\"><summary><strong>\u2727 PRAKTISCHE INFORMATIONEN<\/strong><\/summary>\n<p class=\"has-ast-global-color-3-color has-text-color has-link-color wp-elements-a1b4527559150d25ab656d07cb8e292e\" style=\"line-height:2\">- Startzeit: 19:15&nbsp;<em>(wir beginnen gemeinsam)<\/em><br>- Tragen Sie Kleidung, in der Sie leicht landen k\u00f6nnen.<br>- Kissen, Decken und Matten liegen f\u00fcr Sie bereit.<br>- Sie k\u00f6nnen gerne einen pers\u00f6nlichen oder wertvollen Gegenstand f\u00fcr den Altar mitbringen (den Sie anschlie\u00dfend wieder mit nach Hause nehmen k\u00f6nnen).<br>- Wenn es geht: Stift und Papier f\u00fcr Notizen.<\/p>\n<\/details>\n\n\n\n<div class=\"wp-block-uagb-container uagb-block-ffeaf441 alignfull uagb-is-root-container\"><div class=\"uagb-container-inner-blocks-wrap\">\n<div class=\"wp-block-uagb-info-box uagb-block-fe15213f uagb-infobox__content-wrap  uagb-infobox-icon-above-title uagb-infobox-image-valign-top wp-block-uagb-info-box--has-margin\"><div class=\"uagb-infobox-margin-wrapper\"><div class=\"uagb-ifb-content\"><div class=\"uagb-ifb-title-wrap\"><p class=\"uagb-ifb-title-prefix\">- Quelle Kl\u00e4nge -<\/p><h5 class=\"uagb-ifb-title\">Rad der Resonanz &amp; Erinnerung<\/h5><\/div><p class=\"uagb-ifb-desc\"><em>Diese Zeremonie ist Teil der <strong>Quelle Kl\u00e4nge<\/strong> - ein j\u00e4hrliches Rad mit acht Momenten, in denen sich Resonanz und Neuvorstellung vertiefen.<\/em><\/p><div class=\"uagb-ifb-button-wrapper wp-block-button\"><a href=\"https:\/\/star-of-light.nl\/de\/source-sounds\/\" class=\"uagb-infobox-cta-link wp-block-button__link\" target=\"_self\" rel=\"noopener noreferrer\" onclick=\"return true;\"><span class=\"uagb-inline-editing\">Entdecken Sie die Serie<\/span><\/a><\/div><\/div><\/div><\/div>\n<\/div><\/div>","protected":false},"featured_media":5935,"template":"","meta":{"_acf_changed":false,"_uag_custom_page_level_css":"","site-sidebar-layout":"default","site-content-layout":"","ast-site-content-layout":"default","site-content-style":"default","site-sidebar-style":"default","ast-global-header-display":"","ast-banner-title-visibility":"","ast-main-header-display":"","ast-hfb-above-header-display":"","ast-hfb-below-header-display":"","ast-hfb-mobile-header-display":"","site-post-title":"disabled","ast-breadcrumbs-content":"","ast-featured-img":"","footer-sml-layout":"","ast-disable-related-posts":"","theme-transparent-header-meta":"","adv-header-id-meta":"","stick-header-meta":"","header-above-stick-meta":"","header-main-stick-meta":"","header-below-stick-meta":"","astra-migrate-meta-layouts":"set","ast-page-background-enabled":"default","ast-page-background-meta":{"desktop":{"background-color":"","background-image":"","background-repeat":"repeat","background-position":"center center","background-size":"auto","background-attachment":"scroll","background-type":"","background-media":"","overlay-type":"","overlay-color":"","overlay-opacity":"","overlay-gradient":""},"tablet":{"background-color":"","background-image":"","background-repeat":"repeat","background-position":"center center","background-size":"auto","background-attachment":"scroll","background-type":"","background-media":"","overlay-type":"","overlay-color":"","overlay-opacity":"","overlay-gradient":""},"mobile":{"background-color":"","background-image":"","background-repeat":"repeat","background-position":"center center","background-size":"auto","background-attachment":"scroll","background-type":"","background-media":"","overlay-type":"","overlay-color":"","overlay-opacity":"","overlay-gradient":""}},"ast-content-background-meta":{"desktop":{"background-color":"var(--ast-global-color-5)","background-image":"","background-repeat":"repeat","background-position":"center center","background-size":"auto","background-attachment":"scroll","background-type":"","background-media":"","overlay-type":"","overlay-color":"","overlay-opacity":"","overlay-gradient":""},"tablet":{"background-color":"var(--ast-global-color-5)","background-image":"","background-repeat":"repeat","background-position":"center center","background-size":"auto","background-attachment":"scroll","background-type":"","background-media":"","overlay-type":"","overlay-color":"","overlay-opacity":"","overlay-gradient":""},"mobile":{"background-color":"var(--ast-global-color-5)","background-image":"","background-repeat":"repeat","background-position":"center center","background-size":"auto","background-attachment":"scroll","background-type":"","background-media":"","overlay-type":"","overlay-color":"","overlay-opacity":"","overlay-gradient":""}}},"event_listing_category":[42],"event_listing_type":[108],"class_list":["post-2182","event_listing","type-event_listing","status-publish","has-post-thumbnail","hentry","event_listing_category-ceremonies-soundhealing","event_listing_type-soundhealing"],"acf":[],"aioseo_notices":[],"mb":[],"uagb_featured_image_src":{"full":["https:\/\/star-of-light.nl\/wp-content\/uploads\/2025\/11\/1-2.png",1920,1080,false],"thumbnail":["https:\/\/star-of-light.nl\/wp-content\/uploads\/2025\/11\/1-2-150x150.png",150,150,true],"medium":["https:\/\/star-of-light.nl\/wp-content\/uploads\/2025\/11\/1-2-300x169.png",300,169,true],"medium_large":["https:\/\/star-of-light.nl\/wp-content\/uploads\/2025\/11\/1-2-768x432.png",768,432,true],"large":["https:\/\/star-of-light.nl\/wp-content\/uploads\/2025\/11\/1-2-1024x576.png",1024,576,true],"1536x1536":["https:\/\/star-of-light.nl\/wp-content\/uploads\/2025\/11\/1-2-1536x864.png",1536,864,true],"2048x2048":["https:\/\/star-of-light.nl\/wp-content\/uploads\/2025\/11\/1-2.png",1920,1080,false],"trp-custom-language-flag":["https:\/\/star-of-light.nl\/wp-content\/uploads\/2025\/11\/1-2.png",18,10,false]},"uagb_author_info":{"display_name":"Ellen","author_link":"https:\/\/star-of-light.nl\/de\/author\/"},"uagb_comment_info":0,"uagb_excerpt":"Zero Point \u00b7 Bone-Deep Truth \u00b7 Void \u00b7 Womb \u00b7 Ether De langste nacht. Het wiel vertraagt.De beweging valt stil.Het moment waarop de wereld even ademhaalt. Hier, in deze diepe stilteverschuift het veld.Niet door te zoeken \u2014 maar door te luisteren. Into Stillness. Hier valt afwat je niet hoeft te dragen. Wat overblijftis eenvoud.Aanwezigheid.Je kern.&hellip;","mfb_rest_fields":["title","aioseo_notices","uagb_featured_image_src","uagb_author_info","uagb_comment_info","uagb_excerpt"],"_links":{"self":[{"href":"https:\/\/star-of-light.nl\/de\/wp-json\/wp\/v2\/event_listing\/2182","targetHints":{"allow":["GET"]}}],"collection":[{"href":"https:\/\/star-of-light.nl\/de\/wp-json\/wp\/v2\/event_listing"}],"about":[{"href":"https:\/\/star-of-light.nl\/de\/wp-json\/wp\/v2\/types\/event_listing"}],"wp:featuredmedia":[{"embeddable":true,"href":"https:\/\/star-of-light.nl\/de\/wp-json\/wp\/v2\/media\/5935"}],"wp:attachment":[{"href":"https:\/\/star-of-light.nl\/de\/wp-json\/wp\/v2\/media?parent=2182"}],"wp:term":[{"taxonomy":"event_listing_category","embeddable":true,"href":"https:\/\/star-of-light.nl\/de\/wp-json\/wp\/v2\/event_listing_category?post=2182"},{"taxonomy":"event_listing_type","embeddable":true,"href":"https:\/\/star-of-light.nl\/de\/wp-json\/wp\/v2\/event_listing_type?post=2182"}],"curies":[{"name":"wp","href":"https:\/\/api.w.org\/{rel}","templated":true}]}}