{"id":3433,"date":"2025-11-26T12:39:30","date_gmt":"2025-11-26T11:39:30","guid":{"rendered":"https:\/\/star-of-light.nl\/?post_type=event_listing&#038;p=3433"},"modified":"2026-03-31T09:57:53","modified_gmt":"2026-03-31T07:57:53","slug":"source-sounds-radiant-light","status":"publish","type":"event_listing","link":"https:\/\/star-of-light.nl\/de\/veranstaltung\/source-sounds-radiant-light\/","title":{"rendered":"Strahlendes Licht - Source Sounds"},"content":{"rendered":"<div class=\"wp-block-uagb-info-box uagb-block-7aaff8cf uagb-infobox__content-wrap  uagb-infobox-icon-above-title uagb-infobox-image-valign-top\"><div class=\"uagb-ifb-content\"><div class=\"uagb-ifb-title-wrap\"><h3 class=\"uagb-ifb-title-prefix\">Strahlendes Licht<\/h3><p class=\"uagb-ifb-title\">Eine Sonnen-Resonanz-Zeremonie<\/p><\/div><p class=\"uagb-ifb-desc\">Source Sounds ist ein Feld von Klang, Pr\u00e4senz und Erinnerung.<br>Jede Zeremonie steht f\u00fcr sich, bewegt sich aber gleichzeitig in einem gr\u00f6\u00dferen Rhythmus von Sonne, Mond und verk\u00f6rperter Weisheit.<\/p><div class=\"uagb-ifb-button-wrapper wp-block-button\"><a href=\"https:\/\/star-of-light.nl\/de\/source-sounds\/\" target=\"_self\" onclick=\"return true;\" class=\"uagb-infobox-cta-link\" rel=\"noopener noreferrer\"><span class=\"uagb-inline-editing\">Entdecken Sie das Programm des Jahres<\/span><svg xmlns=\"https:\/\/www.w3.org\/2000\/svg\" viewbox=\"0 0 512 512\"><path d=\"M504.3 273.6l-112.1 104c-6.992 6.484-17.18 8.218-25.94 4.406c-8.758-3.812-14.42-12.45-14.42-21.1L351.9 288H32C14.33 288 .0002 273.7 .0002 255.1S14.33 224 32 224h319.9l0-72c0-9.547 5.66-18.19 14.42-22c8.754-3.809 18.95-2.075 25.94 4.41l112.1 104C514.6 247.9 514.6 264.1 504.3 273.6z\"><\/path><\/svg><\/a><\/div><\/div><\/div>\n\n\n\n<hr class=\"wp-block-separator has-text-color has-ast-global-color-3-color has-alpha-channel-opacity has-ast-global-color-3-background-color has-background\"\/>\n\n\n\n<p class=\"has-text-align-center has-ast-global-color-0-color has-text-color has-link-color wp-elements-1807d110fb1c66a05e5ec822dd605b31\"><strong>Volles Licht - Verk\u00f6rpertes Strahlen - Koh\u00e4rente Kraft - Gesehen werden - Adler<\/strong><\/p>\n\n\n\n<p class=\"has-text-align-center has-ast-global-color-3-color has-text-color has-link-color wp-elements-1d9267aed4e338b2c291c2b832973e97\" style=\"line-height:2\">Das Licht ist hoch.<br>Nicht scharf.<br>Nicht anspruchsvoll.<br>Aber voll.<\/p>\n\n\n\n<p class=\"has-text-align-center has-ast-global-color-3-color has-text-color has-link-color wp-elements-c8a7d89eadee37360f54f36b41f05812\" style=\"line-height:2\">Alles ist sichtbar.<br>Nicht zu verurteilen,<br>sondern weil es nichts mehr zu verbergen gibt.<\/p>\n\n\n\n<p class=\"has-text-align-center has-ast-global-color-3-color has-text-color has-link-color wp-elements-c8e897f7df87d8df8571e33c72e136cf\" style=\"line-height:2\">Dies ist der Moment<br>Wo sich das Feuer nicht bewegt,<br>sondern <strong>ist<\/strong>.<\/p>\n\n\n\n<p class=\"has-text-align-center has-ast-global-color-3-color has-text-color has-link-color wp-elements-8846bb05c21e9866113f25f5ff413b36\" style=\"line-height:2\">Wo man nicht wachsen muss,<br>m\u00fcssen nicht ge\u00f6ffnet werden,<br>Das muss nicht bewiesen werden.<\/p>\n\n\n\n<p class=\"has-text-align-center has-ast-global-color-3-color has-text-color has-link-color wp-elements-7d267aa6df6871c9d916cf0be6fd7505\" style=\"line-height:2\">Strahlende Anwesenheit.<br>Der Ort, an dem du stehst<br>In dem, was Sie bereits sind.<br>Nicht gr\u00f6\u00dfer.<br>Nicht kleiner.<br>Einfach komplett hier.<\/p>\n\n\n\n<p class=\"has-text-align-center has-ast-global-color-3-color has-text-color has-link-color wp-elements-8258854eccdf69bf5f9653b03ce9ce20\" style=\"line-height:2\">Wenn Sie sich davon angesprochen f\u00fchlen, sind Sie herzlich willkommen.<\/p>\n\n\n\n<p class=\"has-ast-global-color-3-color has-text-color has-link-color wp-elements-0289729d7465f459b62cc871c5e92cc9\" style=\"margin-top:var(--wp--preset--spacing--80);margin-bottom:var(--wp--preset--spacing--80)\"><strong><strong>Beitrag f\u00fcr diesen Abend:<\/strong><\/strong> \u20ac55<\/p>\n\n\n\n<h5 class=\"wp-block-heading has-text-align-center\">- Einstreu &amp; praktische Informationen -<\/h5>\n\n\n\n<details class=\"wp-block-details has-ast-global-color-0-color has-text-color has-link-color wp-elements-884b143cdb6cdab04c698cc724ed5504 is-layout-flow wp-block-details-is-layout-flow\"><summary><strong><strong><strong>\u2727<\/strong><\/strong><\/strong> <strong>DAS FELD<\/strong><\/summary>\n<p class=\"has-ast-global-color-3-color has-text-color has-link-color wp-elements-9429fb46d01a9ad0191c0bd3249c3000\" style=\"line-height:2\">Wir arbeiten auf dem Gebiet<br>der Klarheit und Koh\u00e4renz.<br>Feuer, das sich nicht entz\u00fcndet,<br>aber strahlend.<\/p>\n\n\n\n<p class=\"has-ast-global-color-3-color has-text-color has-link-color wp-elements-e3bd1f16b0bde2695d8943e67b5e8ec5\">Der Atem wird ger\u00e4umig.<br>Der K\u00f6rper tr\u00e4gt sich selbst.<br>Spannungen brauchen nicht mehr zu entstehen.<\/p>\n\n\n\n<p class=\"has-ast-global-color-3-color has-text-color has-link-color wp-elements-9bf9377c22f40ac7c5bcd7e811577f3a\" style=\"line-height:2\">Sound bewegt sich<br>durch Brust, Zwerchfell und Stimme.<br>Nicht um etwas zu lockern,<br>aber es soll so klingen<br>was bereits wahr ist.<\/p>\n\n\n\n<p class=\"has-ast-global-color-3-color has-text-color has-link-color wp-elements-a2387fa7851c3b55e9853d542559db19\" style=\"line-height:2\">Es handelt sich nicht um eine Aktivierung.<br>Das ist die Angleichung.<br>Ein Bereich, in dem Energie<br>nicht beschleunigt,<br>sondern <strong>richtet  aus.<\/strong>.<\/p>\n\n\n\n<p class=\"has-ast-global-color-3-color has-text-color has-link-color wp-elements-0ef93ed88a5fa0c184be543ffbf26415\" style=\"line-height:2\">Hier zu sehen<br>was nicht mehr gesucht werden muss.<\/p>\n<\/details>\n\n\n\n<details class=\"wp-block-details has-ast-global-color-0-color has-text-color has-link-color wp-elements-ea9b6c30b893556701007d1b120e7058 is-layout-flow wp-block-details-is-layout-flow\"><summary><strong><strong>\u2727 DER ADELAAR<\/strong><\/strong><\/summary>\n<p class=\"has-ast-global-color-3-color has-text-color has-link-color wp-elements-18692b6af1f31ffaa72fcd7cd8ea1a4f\" style=\"line-height:2\">Der Adler fliegt<br>ohne sie zu erzwingen.<br>Er tr\u00e4gt sich selbst<br>\u00fcber den Fluss.<\/p>\n\n\n\n<p class=\"has-ast-global-color-3-color has-text-color has-link-color wp-elements-7650706e7e86dad7e385ea22afc39853\" style=\"line-height:2\">Sein Blick ist klar,<br>aber nicht verurteilend.<br>Er sieht das Ganze<br>ohne Distanz zu schaffen.<\/p>\n\n\n\n<p class=\"has-ast-global-color-3-color has-text-color has-link-color wp-elements-c96a73cd80fb1d506ed808396f859e50\" style=\"line-height:2\">Der Adler muss nicht zeigen<br>Wie hoch er fliegt.<br>Seine Anwesenheit <strong>ist<\/strong> die H\u00f6he.<\/p>\n\n\n\n<p class=\"has-ast-global-color-3-color has-text-color has-link-color wp-elements-6484552a0e9a3db8189d0282e57c6309\" style=\"line-height:2\">Er l\u00e4dt Sie ein<br>Ihren Platz einnehmen<br>ohne zu z\u00f6gern<br>und ohne \u00dcbertreibung.<br>Genau dort<br>Wo Sie hingeh\u00f6ren.<\/p>\n<\/details>\n\n\n\n<details class=\"wp-block-details has-ast-global-color-0-color has-text-color has-link-color wp-elements-9aa62714e74499211eab1cd99e8ed272 is-layout-flow wp-block-details-is-layout-flow\"><summary><strong><strong>\u2727 DIE EINLADUNG<\/strong><\/strong><\/summary>\n<p class=\"has-ast-global-color-3-color has-text-color has-link-color wp-elements-a1146900749d567d90b59dd582883c77\" style=\"line-height:2\">Dieser Abend l\u00e4dt Sie ein<br>sichtbar sein<br>ohne Anstrengung.<\/p>\n\n\n\n<p class=\"has-ast-global-color-3-color has-text-color has-link-color wp-elements-be37afa361fc87ebd956846f1e88819b\" style=\"line-height:2\">Pr\u00e4sent bleiben<br>in deinem K\u00f6rper,<br>in Ihrem Atem,<br>mit Ihrer Stimme<br>ohne etwas tun zu m\u00fcssen<br>mit dem, was erscheint.<\/p>\n\n\n\n<p class=\"has-ast-global-color-3-color has-text-color has-link-color wp-elements-5e276e818a1fc9eab6d8a2bc06e53eb1\" style=\"line-height:2\">Ein Raum<br>zur Ruhe<br>In deinem eigenen Licht.<\/p>\n\n\n\n<p class=\"has-ast-global-color-3-color has-text-color has-link-color wp-elements-060edb5b155bd724d1ec493bb7218201\" style=\"line-height:2\">Nicht als Highlight.<br>Nicht als Leistung.<br>Aber als nat\u00fcrlicher Zustand<br>in dem nichts mehr hinzugef\u00fcgt wurde<br>oder weggelassen werden m\u00fcssen.<\/p>\n\n\n\n<p class=\"has-ast-global-color-3-color has-text-color has-link-color wp-elements-6329e9f314ea15d803d29c66adc2540c\" style=\"line-height:2\">Sie befinden sich hier.<br>Das ist genug.<\/p>\n<\/details>\n\n\n\n<details class=\"wp-block-details has-ast-global-color-0-color has-text-color has-link-color wp-elements-269206b682afa88310b128486d8e4d4c is-layout-flow wp-block-details-is-layout-flow\"><summary><strong><strong><strong>\u2727<\/strong><\/strong><\/strong> <strong>\u00dcBER DIESE ABENDE<\/strong><\/summary>\n<p class=\"has-ast-global-color-3-color has-text-color has-link-color wp-elements-30356e1954ad0670cffc4b6cac558e15\" style=\"line-height:2\">Jeder Abend ist eine Einladung, zu sich selbst nach Hause zu kommen. Zuzuh\u00f6ren, zu f\u00fchlen, loszulassen, sich zu erinnern.<\/p>\n\n\n\n<p class=\"has-ast-global-color-3-color has-text-color has-link-color wp-elements-1efbec94f982d137042609fd72693730\" style=\"line-height:2\">Zusammen bilden die Abende der Quellenkl\u00e4nge ein tragendes Bett. Sie k\u00f6nnen einmal teilnehmen oder mehrere Abende im Laufe des Jahres besuchen.<\/p>\n\n\n\n<p class=\"has-ast-global-color-3-color has-text-color has-link-color wp-elements-04fd5952d641149c1f661a74d0b8577d\" style=\"line-height:2\">Jede Zeremonie ist ein heiliger Raum, in dem du eingeladen bist, dich zu versenken, zu \u00f6ffnen und zu erinnern. Die Form ergibt sich aus dem Moment. Abgestimmt auf die Jahreszeit, das Feld, die Sonne, den Mond und die anwesenden Menschen.<br><em>Wir arbeiten intuitiv mit Elementen des Schamanismus, der K\u00f6rperweisheit und der Klangheilung, eingestimmt auf die Energie der Jahreszeit und der Gruppe.<\/em><\/p>\n\n\n\n<p class=\"has-ast-global-color-3-color has-text-color has-link-color wp-elements-24f93728cb7038bda9656b318f5cb54e\" style=\"line-height:2\">Der Klang tr\u00e4gt die Reise. Die Klangreise bildet das Bett aus Schwingung und Stille, in dem sich entfaltet, was n\u00f6tig ist, um zu sinken, den tieferen Schichten zu folgen und zu integrieren. Zuvor stimmen wir K\u00f6rper und Aufmerksamkeit durch Atem, Bewegung oder F\u00fchrung ein.<\/p>\n\n\n\n<p class=\"has-ast-global-color-3-color has-text-color has-link-color wp-elements-c05f20697c6382818202e304df770f3f\" style=\"line-height:2\">Jeder Abend ist ein Moment des Nach-Hause-Kommens - ein Innehalten in der Zeit, eine Landung in deinem K\u00f6rper und deinem Herzen.<\/p>\n<\/details>\n\n\n\n<details class=\"wp-block-details has-ast-global-color-0-color has-text-color has-link-color wp-elements-5dd79f20a2bd98b0f09751190673ef5f is-layout-flow wp-block-details-is-layout-flow\"><summary><strong><strong><strong>\u2727<\/strong><\/strong><\/strong> <strong>PRAKTISCHE INFORMATIONEN<\/strong><\/summary>\n<p class=\"has-ast-global-color-3-color has-text-color has-link-color wp-elements-7662b4e7f084e632a9763feffefcb722\" style=\"line-height:2\">- Startzeit: 19:15\u00a0<em>(wir beginnen gemeinsam)<\/em><br>- Tragen Sie Kleidung, in der Sie leicht landen k\u00f6nnen.<br>- Kissen, Decken und Matten liegen f\u00fcr Sie bereit.<br>- Sie k\u00f6nnen gerne einen pers\u00f6nlichen oder wertvollen Gegenstand f\u00fcr den Altar mitbringen (den Sie anschlie\u00dfend wieder mit nach Hause nehmen k\u00f6nnen).<br>- Wenn es geht: Stift und Papier f\u00fcr Notizen.<\/p>\n<\/details>\n\n\n\n<div class=\"wp-block-uagb-container uagb-block-1c27d7a4 alignfull uagb-is-root-container\"><div class=\"uagb-container-inner-blocks-wrap\">\n<div class=\"wp-block-uagb-info-box uagb-block-354e21cb uagb-infobox__content-wrap  uagb-infobox-icon-above-title uagb-infobox-image-valign-top wp-block-uagb-info-box--has-margin\"><div class=\"uagb-infobox-margin-wrapper\"><div class=\"uagb-ifb-content\"><div class=\"uagb-ifb-title-wrap\"><p class=\"uagb-ifb-title-prefix\">- Quelle Kl\u00e4nge -<\/p><h5 class=\"uagb-ifb-title\">Rad der Resonanz &amp; Erinnerung<\/h5><\/div><p class=\"uagb-ifb-desc\"><em>Diese Zeremonie ist Teil der <strong>Quelle Kl\u00e4nge<\/strong> - ein j\u00e4hrliches Rad mit acht Momenten, in denen sich Resonanz und Neuvorstellung vertiefen.<\/em><\/p><div class=\"uagb-ifb-button-wrapper wp-block-button\"><a href=\"https:\/\/star-of-light.nl\/de\/source-sounds\/\" class=\"uagb-infobox-cta-link wp-block-button__link\" target=\"_self\" rel=\"noopener noreferrer\" onclick=\"return true;\"><span class=\"uagb-inline-editing\">Entdecken Sie die Serie<\/span><\/a><\/div><\/div><\/div><\/div>\n<\/div><\/div>","protected":false},"featured_media":5935,"template":"","meta":{"_acf_changed":false,"_uag_custom_page_level_css":"","site-sidebar-layout":"default","site-content-layout":"","ast-site-content-layout":"default","site-content-style":"default","site-sidebar-style":"default","ast-global-header-display":"","ast-banner-title-visibility":"","ast-main-header-display":"","ast-hfb-above-header-display":"","ast-hfb-below-header-display":"","ast-hfb-mobile-header-display":"","site-post-title":"disabled","ast-breadcrumbs-content":"","ast-featured-img":"","footer-sml-layout":"","ast-disable-related-posts":"","theme-transparent-header-meta":"","adv-header-id-meta":"","stick-header-meta":"","header-above-stick-meta":"","header-main-stick-meta":"","header-below-stick-meta":"","astra-migrate-meta-layouts":"set","ast-page-background-enabled":"default","ast-page-background-meta":{"desktop":{"background-color":"","background-image":"","background-repeat":"repeat","background-position":"center center","background-size":"auto","background-attachment":"scroll","background-type":"","background-media":"","overlay-type":"","overlay-color":"","overlay-opacity":"","overlay-gradient":""},"tablet":{"background-color":"","background-image":"","background-repeat":"repeat","background-position":"center center","background-size":"auto","background-attachment":"scroll","background-type":"","background-media":"","overlay-type":"","overlay-color":"","overlay-opacity":"","overlay-gradient":""},"mobile":{"background-color":"","background-image":"","background-repeat":"repeat","background-position":"center center","background-size":"auto","background-attachment":"scroll","background-type":"","background-media":"","overlay-type":"","overlay-color":"","overlay-opacity":"","overlay-gradient":""}},"ast-content-background-meta":{"desktop":{"background-color":"var(--ast-global-color-5)","background-image":"","background-repeat":"repeat","background-position":"center center","background-size":"auto","background-attachment":"scroll","background-type":"","background-media":"","overlay-type":"","overlay-color":"","overlay-opacity":"","overlay-gradient":""},"tablet":{"background-color":"var(--ast-global-color-5)","background-image":"","background-repeat":"repeat","background-position":"center center","background-size":"auto","background-attachment":"scroll","background-type":"","background-media":"","overlay-type":"","overlay-color":"","overlay-opacity":"","overlay-gradient":""},"mobile":{"background-color":"var(--ast-global-color-5)","background-image":"","background-repeat":"repeat","background-position":"center center","background-size":"auto","background-attachment":"scroll","background-type":"","background-media":"","overlay-type":"","overlay-color":"","overlay-opacity":"","overlay-gradient":""}}},"event_listing_category":[42],"event_listing_type":[108],"class_list":["post-3433","event_listing","type-event_listing","status-publish","has-post-thumbnail","hentry","event_listing_category-ceremonies-soundhealing","event_listing_type-soundhealing"],"acf":[],"aioseo_notices":[],"mb":[],"uagb_featured_image_src":{"full":["https:\/\/star-of-light.nl\/wp-content\/uploads\/2025\/11\/1-2.png",1920,1080,false],"thumbnail":["https:\/\/star-of-light.nl\/wp-content\/uploads\/2025\/11\/1-2-150x150.png",150,150,true],"medium":["https:\/\/star-of-light.nl\/wp-content\/uploads\/2025\/11\/1-2-300x169.png",300,169,true],"medium_large":["https:\/\/star-of-light.nl\/wp-content\/uploads\/2025\/11\/1-2-768x432.png",768,432,true],"large":["https:\/\/star-of-light.nl\/wp-content\/uploads\/2025\/11\/1-2-1024x576.png",1024,576,true],"1536x1536":["https:\/\/star-of-light.nl\/wp-content\/uploads\/2025\/11\/1-2-1536x864.png",1536,864,true],"2048x2048":["https:\/\/star-of-light.nl\/wp-content\/uploads\/2025\/11\/1-2.png",1920,1080,false],"trp-custom-language-flag":["https:\/\/star-of-light.nl\/wp-content\/uploads\/2025\/11\/1-2.png",18,10,false]},"uagb_author_info":{"display_name":"Ellen","author_link":"https:\/\/star-of-light.nl\/de\/author\/"},"uagb_comment_info":0,"uagb_excerpt":"Full Light \u00b7 Embodied Radiance \u00b7 Coherent Power \u00b7 Being Seen \u00b7 Adelaar Het licht staat hoog.Niet scherp.Niet eisend.Maar vol. Alles is zichtbaar.Niet om beoordeeld te worden,maar omdat er niets meer te verbergen valt. Dit is het momentwaar vuur niet beweegt,maar is. Waar je niet hoeft te groeien,niet hoeft te openen,niet hoeft te bewijzen. Radiant&hellip;","mfb_rest_fields":["title","aioseo_notices","uagb_featured_image_src","uagb_author_info","uagb_comment_info","uagb_excerpt"],"_links":{"self":[{"href":"https:\/\/star-of-light.nl\/de\/wp-json\/wp\/v2\/event_listing\/3433","targetHints":{"allow":["GET"]}}],"collection":[{"href":"https:\/\/star-of-light.nl\/de\/wp-json\/wp\/v2\/event_listing"}],"about":[{"href":"https:\/\/star-of-light.nl\/de\/wp-json\/wp\/v2\/types\/event_listing"}],"wp:featuredmedia":[{"embeddable":true,"href":"https:\/\/star-of-light.nl\/de\/wp-json\/wp\/v2\/media\/5935"}],"wp:attachment":[{"href":"https:\/\/star-of-light.nl\/de\/wp-json\/wp\/v2\/media?parent=3433"}],"wp:term":[{"taxonomy":"event_listing_category","embeddable":true,"href":"https:\/\/star-of-light.nl\/de\/wp-json\/wp\/v2\/event_listing_category?post=3433"},{"taxonomy":"event_listing_type","embeddable":true,"href":"https:\/\/star-of-light.nl\/de\/wp-json\/wp\/v2\/event_listing_type?post=3433"}],"curies":[{"name":"wp","href":"https:\/\/api.w.org\/{rel}","templated":true}]}}