{"id":3492,"date":"2025-11-26T21:14:23","date_gmt":"2025-11-26T20:14:23","guid":{"rendered":"https:\/\/star-of-light.nl\/?post_type=event_listing&#038;p=3492"},"modified":"2026-03-31T09:58:19","modified_gmt":"2026-03-31T07:58:19","slug":"source-sounds-shadows-between-worlds","status":"publish","type":"event_listing","link":"https:\/\/star-of-light.nl\/de\/veranstaltung\/source-sounds-shadows-between-worlds\/","title":{"rendered":"Schatten zwischen den Welten - Source Sounds"},"content":{"rendered":"<div class=\"wp-block-uagb-info-box uagb-block-7aaff8cf uagb-infobox__content-wrap  uagb-infobox-icon-above-title uagb-infobox-image-valign-top\"><div class=\"uagb-ifb-content\"><div class=\"uagb-ifb-title-wrap\"><h3 class=\"uagb-ifb-title-prefix\">Schatten zwischen den Welten<\/h3><p class=\"uagb-ifb-title\">eine Mond-Erinnerungszeremonie<\/p><\/div><p class=\"uagb-ifb-desc\">Source Sounds ist ein Feld von Klang, Pr\u00e4senz und Erinnerung.<br>Jede Zeremonie steht f\u00fcr sich, bewegt sich aber gleichzeitig in einem gr\u00f6\u00dferen Rhythmus von Sonne, Mond und verk\u00f6rperter Weisheit.<\/p><div class=\"uagb-ifb-button-wrapper wp-block-button\"><a href=\"https:\/\/star-of-light.nl\/de\/source-sounds\/\" target=\"_self\" onclick=\"return true;\" class=\"uagb-infobox-cta-link\" rel=\"noopener noreferrer\"><span class=\"uagb-inline-editing\">Entdecken Sie das Programm des Jahres<\/span><svg xmlns=\"https:\/\/www.w3.org\/2000\/svg\" viewbox=\"0 0 512 512\"><path d=\"M504.3 273.6l-112.1 104c-6.992 6.484-17.18 8.218-25.94 4.406c-8.758-3.812-14.42-12.45-14.42-21.1L351.9 288H32C14.33 288 .0002 273.7 .0002 255.1S14.33 224 32 224h319.9l0-72c0-9.547 5.66-18.19 14.42-22c8.754-3.809 18.95-2.075 25.94 4.41l112.1 104C514.6 247.9 514.6 264.1 504.3 273.6z\"><\/path><\/svg><\/a><\/div><\/div><\/div>\n\n\n\n<hr class=\"wp-block-separator has-text-color has-ast-global-color-3-color has-alpha-channel-opacity has-ast-global-color-3-background-color has-background\"\/>\n\n\n\n<p class=\"has-text-align-center has-ast-global-color-0-color has-text-color has-link-color wp-elements-3a841aee4da4da067bc7c2a4eca9ca36\"><strong>Das Ged\u00e4chtnis der Vorfahren <strong> - Nicht-Wissen<\/strong> - Heiliger Verlust - Stimme zwischen den Welten - Crow<\/strong><\/p>\n\n\n\n<p class=\"has-text-align-center has-ast-global-color-3-color has-text-color has-link-color wp-elements-0fdf00c6fbf66d0cac34b8daadd9522f\" style=\"line-height:2\">Die Schleier sind d\u00fcnn.<\/p>\n\n\n\n<p class=\"has-text-align-center has-ast-global-color-3-color has-text-color has-link-color wp-elements-7b3cd6368d86e0622b056c65fba6f8b5\" style=\"line-height:2\">Nicht sichtbar.<br>Aber sp\u00fcrbar.<\/p>\n\n\n\n<p class=\"has-text-align-center has-ast-global-color-3-color has-text-color has-link-color wp-elements-394f41dfed45bf94dbe3da9382eaddfd\" style=\"line-height:2\">Dies ist eine Schwelle.<br>Kein Platz zum Durchgehen,<br>sondern einen Platz zum Bleiben.<\/p>\n\n\n\n<p class=\"has-text-align-center has-ast-global-color-3-color has-text-color has-link-color wp-elements-49c3b12024a8f1dcccef18fc40f1a821\" style=\"line-height:2\">Zwischen Licht und Schatten.<br>Zwischen Atem und Stille.<br>Zwischen Erinnerung und Gegenwart.<\/p>\n\n\n\n<p class=\"has-text-align-center\">Schatten zwischen den Welten.<\/p>\n\n\n\n<p class=\"has-text-align-center has-ast-global-color-3-color has-text-color has-link-color wp-elements-b3576434b218af2cb695845460b60b1a\" style=\"line-height:2\">Wo schwarz<br>ist keine Leere,<br>enth\u00e4lt aber alles.<\/p>\n\n\n\n<p class=\"has-text-align-center has-ast-global-color-3-color has-text-color has-link-color wp-elements-f27f2c4fad9455a2554adfffd9962990\" style=\"line-height:2\">Wo Speicher<br>nicht gesammelt,<br>sondern pr\u00e4sentiert sich.<\/p>\n\n\n\n<p class=\"has-text-align-center has-ast-global-color-3-color has-text-color has-link-color wp-elements-8258854eccdf69bf5f9653b03ce9ce20\" style=\"line-height:2\">Wenn Sie sich davon angesprochen f\u00fchlen, sind Sie herzlich willkommen.<\/p>\n\n\n\n<p style=\"margin-top:var(--wp--preset--spacing--80);margin-bottom:var(--wp--preset--spacing--80)\"><strong><strong>Beitrag f\u00fcr diesen Abend:<\/strong><\/strong> \u20ac45<\/p>\n\n\n\n<h5 class=\"wp-block-heading has-text-align-center\">- Einstreu &amp; praktische Informationen -<\/h5>\n\n\n\n<details class=\"wp-block-details has-ast-global-color-0-color has-text-color has-link-color wp-elements-3a7e3ec773760ad0269eb7fe34847905 is-layout-flow wp-block-details-is-layout-flow\"><summary><strong>\u2727 DAS FELD<\/strong><\/summary>\n<p class=\"has-ast-global-color-3-color has-text-color has-link-color wp-elements-e41f03eb35044ca20b914832324dcacc\" style=\"line-height:2\">Wir arbeiten auf dem Gebiet<br>zwischen den Welten.<\/p>\n\n\n\n<p class=\"has-ast-global-color-3-color has-text-color has-link-color wp-elements-f158b19ff5bd5d8796328110bb85a95e\" style=\"line-height:2\">Der Atem bewegt sich<br>weich und unscharf.<br>Nicht zu \u00f6ffnen,<br>sondern um zuzuh\u00f6ren.<\/p>\n\n\n\n<p class=\"has-ast-global-color-3-color has-text-color has-link-color wp-elements-4d22fe6c71e0711672c7eea389844f89\" style=\"line-height:2\">Klang entsteht<br>als Anruf.<br>In Antwort.<br>Als Vibration<br>zwischen hier und dort.<\/p>\n\n\n\n<p class=\"has-ast-global-color-3-color has-text-color has-link-color wp-elements-a8a252002bedfb95d6f6f7c94b06c8d1\" style=\"line-height:2\">Wasser ist ein Gef\u00fchlstr\u00e4ger.<br>Die Luft tr\u00e4gt die Stimme.<\/p>\n\n\n\n<p class=\"has-ast-global-color-3-color has-text-color has-link-color wp-elements-1d0a16a2bd6a03a90c89a347ab9999df\" style=\"line-height:2\">Dies ist ein Feld<br>in der Stille<br>hat auch Ton.<\/p>\n\n\n\n<p class=\"has-ast-global-color-3-color has-text-color has-link-color wp-elements-6cb0bef35c4f1d6c672fcf5ddbee8e45\" style=\"line-height:2\">Dies ist ein Feld<br>des Wartens<br>ohne Erwartung.<\/p>\n<\/details>\n\n\n\n<details class=\"wp-block-details has-ast-global-color-0-color has-text-color has-link-color wp-elements-0830be3732a54be83119242c70f668ac is-layout-flow wp-block-details-is-layout-flow\"><summary><strong>\u2727 DAS KREUZ<\/strong><\/summary>\n<p class=\"has-ast-global-color-3-color has-text-color has-link-color wp-elements-d789e0fae2c3b6d233945a89c828bb1d\" style=\"line-height:2\">Die Kr\u00e4he erscheint<br>Wo Welten aufeinander treffen.<\/p>\n\n\n\n<p class=\"has-ast-global-color-3-color has-text-color has-link-color wp-elements-0447df3c1fe49a9b164dddd0f3aa3f89\" style=\"line-height:2\">Er bewegt sich<br>entlang des Sichtbaren<br>Und entlang dessen, was darunter liegt.<br>Nicht zu w\u00e4hlen,<br>sondern pr\u00e4sent zu bleiben.<\/p>\n\n\n\n<p class=\"has-ast-global-color-3-color has-text-color has-link-color wp-elements-01ae65c6f732512dd0979b8114a15aff\" style=\"line-height:2\">Seine Stimme kommt<br>in unerwarteten Momenten.<br>Nicht als Antwort,<br>aber zur Erinnerung<br>dass nichts getrennt ist<br>von dem, was ihr vorausging.<\/p>\n\n\n\n<p class=\"has-ast-global-color-3-color has-text-color has-link-color wp-elements-3fb011791c229c35d8244a4986c87e05\" style=\"line-height:2\">Die Kr\u00e4he tr\u00e4gt<br>die nicht genannt werden m\u00fcssen.<br>Was verschwindet<br>ohne wirklich weg zu sein.<\/p>\n\n\n\n<p class=\"has-ast-global-color-3-color has-text-color has-link-color wp-elements-5f2d639b8c4d1bd99a07da4d5375d1b4\" style=\"line-height:2\">Er l\u00e4dt Sie ein<br>zuh\u00f6ren<br>ohne zu verstehen.<br>Und zu bleiben<br>wo die Bedeutung<br>muss noch Gestalt annehmen.<\/p>\n<\/details>\n\n\n\n<details class=\"wp-block-details has-ast-global-color-0-color has-text-color has-link-color wp-elements-57749ef2b3c771f253137a5f036ed4d1 is-layout-flow wp-block-details-is-layout-flow\"><summary><strong>\u2727 DIE EINLADUNG<\/strong><\/summary>\n<p class=\"has-ast-global-color-3-color has-text-color has-link-color wp-elements-f25c62ed8a28460e7e3d168768cbe23e\" style=\"line-height:2\">Dieser Abend l\u00e4dt Sie ein<br>zuh\u00f6ren<br>auf das, was ruft<br>zwischen den Welten.<\/p>\n\n\n\n<p class=\"has-ast-global-color-3-color has-text-color has-link-color wp-elements-3436ce705732407e184cab2efe778468\" style=\"line-height:2\">Pr\u00e4sent bleiben<br>auf das, was sich bietet<\/p>\n\n\n\n<p class=\"has-ast-global-color-3-color has-text-color has-link-color wp-elements-005827332786274323f48583fb99de8d\" style=\"line-height:2\">Ein Raum<br>zuh\u00f6ren<br>ohne zu suchen.<br>Zur Erinnerung<br>ohne sich festzuhalten.<\/p>\n\n\n\n<p class=\"has-ast-global-color-3-color has-text-color has-link-color wp-elements-62df0beaef865310ec7d3facd3c00430\" style=\"line-height:2\">Nicht zu handeln.<br>Nicht zum Heilen.<br>Aber zu sein<br>Wo Welten aufeinander treffen.<\/p>\n\n\n\n<p class=\"has-ast-global-color-3-color has-text-color has-link-color wp-elements-eb3f0137553fefa10f3bae0566418d0e\" style=\"line-height:2\">Sie brauchen nichts zu verstehen.<br>Es gibt nichts zu kl\u00e4ren.<\/p>\n\n\n\n<p class=\"has-ast-global-color-3-color has-text-color has-link-color wp-elements-9c200a0feb7cb0e81ae158fc92ea6dda\" style=\"line-height:2\">Sie k\u00f6nnen sich ausruhen<br>auf der Schwelle.<br>Und Zuh\u00f6ren<br>an was Sie sich erinnern<br>zu dem, was Sie sind<br>Zwischen Licht und Schatten.<\/p>\n<\/details>\n\n\n\n<details class=\"wp-block-details has-ast-global-color-0-color has-text-color has-link-color wp-elements-233603091ad9f71e6ae42b232ce0ad39 is-layout-flow wp-block-details-is-layout-flow\"><summary><strong>\u2727 \u00dcBER DIESE ABENDE<\/strong><\/summary>\n<p class=\"has-ast-global-color-3-color has-text-color has-link-color wp-elements-30356e1954ad0670cffc4b6cac558e15\" style=\"line-height:2\">Jeder Abend ist eine Einladung, zu sich selbst nach Hause zu kommen. Zuzuh\u00f6ren, zu f\u00fchlen, loszulassen, sich zu erinnern.<\/p>\n\n\n\n<p class=\"has-ast-global-color-3-color has-text-color has-link-color wp-elements-1efbec94f982d137042609fd72693730\" style=\"line-height:2\">Zusammen bilden die Abende der Quellenkl\u00e4nge ein tragendes Bett. Sie k\u00f6nnen einmal teilnehmen oder mehrere Abende im Laufe des Jahres besuchen.<\/p>\n\n\n\n<p class=\"has-ast-global-color-3-color has-text-color has-link-color wp-elements-04fd5952d641149c1f661a74d0b8577d\" style=\"line-height:2\">Jede Zeremonie ist ein heiliger Raum, in dem du eingeladen bist, dich zu versenken, zu \u00f6ffnen und zu erinnern. Die Form ergibt sich aus dem Moment. Abgestimmt auf die Jahreszeit, das Feld, die Sonne, den Mond und die anwesenden Menschen.<br><em>Wir arbeiten intuitiv mit Elementen des Schamanismus, der K\u00f6rperweisheit und der Klangheilung, eingestimmt auf die Energie der Jahreszeit und der Gruppe.<\/em><\/p>\n\n\n\n<p class=\"has-ast-global-color-3-color has-text-color has-link-color wp-elements-24f93728cb7038bda9656b318f5cb54e\" style=\"line-height:2\">Der Klang tr\u00e4gt die Reise. Die Klangreise bildet das Bett aus Schwingung und Stille, in dem sich entfaltet, was n\u00f6tig ist, um zu sinken, den tieferen Schichten zu folgen und zu integrieren. Zuvor stimmen wir K\u00f6rper und Aufmerksamkeit durch Atem, Bewegung oder F\u00fchrung ein.<\/p>\n\n\n\n<p class=\"has-ast-global-color-3-color has-text-color has-link-color wp-elements-c05f20697c6382818202e304df770f3f\" style=\"line-height:2\">Jeder Abend ist ein Moment des Nach-Hause-Kommens - ein Innehalten in der Zeit, eine Landung in deinem K\u00f6rper und deinem Herzen.<\/p>\n<\/details>\n\n\n\n<details class=\"wp-block-details has-ast-global-color-0-color has-text-color has-link-color wp-elements-f130b85fc96c8da05fadf5679e58dc6a is-layout-flow wp-block-details-is-layout-flow\"><summary><strong>\u2727 PRAKTISCHE INFORMATIONEN<\/strong><\/summary>\n<p class=\"has-ast-global-color-3-color has-text-color has-link-color wp-elements-7662b4e7f084e632a9763feffefcb722\" style=\"line-height:2\">- Startzeit: 19:15\u00a0<em>(wir beginnen gemeinsam)<\/em><br>- Tragen Sie Kleidung, in der Sie leicht landen k\u00f6nnen.<br>- Kissen, Decken und Matten liegen f\u00fcr Sie bereit.<br>- Sie k\u00f6nnen gerne einen pers\u00f6nlichen oder wertvollen Gegenstand f\u00fcr den Altar mitbringen (den Sie anschlie\u00dfend wieder mit nach Hause nehmen k\u00f6nnen).<br>- Wenn es geht: Stift und Papier f\u00fcr Notizen.<\/p>\n<\/details>\n\n\n\n<div class=\"wp-block-uagb-container uagb-block-ffeaf441 alignfull uagb-is-root-container\"><div class=\"uagb-container-inner-blocks-wrap\">\n<div class=\"wp-block-uagb-info-box uagb-block-fe15213f uagb-infobox__content-wrap  uagb-infobox-icon-above-title uagb-infobox-image-valign-top wp-block-uagb-info-box--has-margin\"><div class=\"uagb-infobox-margin-wrapper\"><div class=\"uagb-ifb-content\"><div class=\"uagb-ifb-title-wrap\"><p class=\"uagb-ifb-title-prefix\">- Quelle Kl\u00e4nge -<\/p><h5 class=\"uagb-ifb-title\">Rad der Resonanz &amp; Erinnerung<\/h5><\/div><p class=\"uagb-ifb-desc\"><em>Diese Zeremonie ist Teil der <strong>Quelle Kl\u00e4nge<\/strong> - ein j\u00e4hrliches Rad mit acht Momenten, in denen sich Resonanz und Neuvorstellung vertiefen.<\/em><\/p><div class=\"uagb-ifb-button-wrapper wp-block-button\"><a href=\"https:\/\/star-of-light.nl\/de\/source-sounds\/\" class=\"uagb-infobox-cta-link wp-block-button__link\" target=\"_self\" rel=\"noopener noreferrer\" onclick=\"return true;\"><span class=\"uagb-inline-editing\">Entdecken Sie die Serie<\/span><\/a><\/div><\/div><\/div><\/div>\n<\/div><\/div>","protected":false},"featured_media":5933,"template":"","meta":{"_acf_changed":false,"_uag_custom_page_level_css":"","site-sidebar-layout":"default","site-content-layout":"","ast-site-content-layout":"default","site-content-style":"default","site-sidebar-style":"default","ast-global-header-display":"","ast-banner-title-visibility":"","ast-main-header-display":"","ast-hfb-above-header-display":"","ast-hfb-below-header-display":"","ast-hfb-mobile-header-display":"","site-post-title":"disabled","ast-breadcrumbs-content":"","ast-featured-img":"","footer-sml-layout":"","ast-disable-related-posts":"","theme-transparent-header-meta":"","adv-header-id-meta":"","stick-header-meta":"","header-above-stick-meta":"","header-main-stick-meta":"","header-below-stick-meta":"","astra-migrate-meta-layouts":"set","ast-page-background-enabled":"default","ast-page-background-meta":{"desktop":{"background-color":"","background-image":"","background-repeat":"repeat","background-position":"center center","background-size":"auto","background-attachment":"scroll","background-type":"","background-media":"","overlay-type":"","overlay-color":"","overlay-opacity":"","overlay-gradient":""},"tablet":{"background-color":"","background-image":"","background-repeat":"repeat","background-position":"center center","background-size":"auto","background-attachment":"scroll","background-type":"","background-media":"","overlay-type":"","overlay-color":"","overlay-opacity":"","overlay-gradient":""},"mobile":{"background-color":"","background-image":"","background-repeat":"repeat","background-position":"center center","background-size":"auto","background-attachment":"scroll","background-type":"","background-media":"","overlay-type":"","overlay-color":"","overlay-opacity":"","overlay-gradient":""}},"ast-content-background-meta":{"desktop":{"background-color":"var(--ast-global-color-5)","background-image":"","background-repeat":"repeat","background-position":"center center","background-size":"auto","background-attachment":"scroll","background-type":"","background-media":"","overlay-type":"","overlay-color":"","overlay-opacity":"","overlay-gradient":""},"tablet":{"background-color":"var(--ast-global-color-5)","background-image":"","background-repeat":"repeat","background-position":"center center","background-size":"auto","background-attachment":"scroll","background-type":"","background-media":"","overlay-type":"","overlay-color":"","overlay-opacity":"","overlay-gradient":""},"mobile":{"background-color":"var(--ast-global-color-5)","background-image":"","background-repeat":"repeat","background-position":"center center","background-size":"auto","background-attachment":"scroll","background-type":"","background-media":"","overlay-type":"","overlay-color":"","overlay-opacity":"","overlay-gradient":""}}},"event_listing_category":[42],"event_listing_type":[108],"class_list":["post-3492","event_listing","type-event_listing","status-publish","has-post-thumbnail","hentry","event_listing_category-ceremonies-soundhealing","event_listing_type-soundhealing"],"acf":[],"aioseo_notices":[],"mb":[],"uagb_featured_image_src":{"full":["https:\/\/star-of-light.nl\/wp-content\/uploads\/2025\/11\/10.png",1920,1080,false],"thumbnail":["https:\/\/star-of-light.nl\/wp-content\/uploads\/2025\/11\/10-150x150.png",150,150,true],"medium":["https:\/\/star-of-light.nl\/wp-content\/uploads\/2025\/11\/10-300x169.png",300,169,true],"medium_large":["https:\/\/star-of-light.nl\/wp-content\/uploads\/2025\/11\/10-768x432.png",768,432,true],"large":["https:\/\/star-of-light.nl\/wp-content\/uploads\/2025\/11\/10-1024x576.png",1024,576,true],"1536x1536":["https:\/\/star-of-light.nl\/wp-content\/uploads\/2025\/11\/10-1536x864.png",1536,864,true],"2048x2048":["https:\/\/star-of-light.nl\/wp-content\/uploads\/2025\/11\/10.png",1920,1080,false],"trp-custom-language-flag":["https:\/\/star-of-light.nl\/wp-content\/uploads\/2025\/11\/10.png",18,10,false]},"uagb_author_info":{"display_name":"Ellen","author_link":"https:\/\/star-of-light.nl\/de\/author\/"},"uagb_comment_info":0,"uagb_excerpt":"Ancestral Memory \u00b7 Not-Knowing \u00b7 Sacred Loss \u00b7 Voice Between Worlds \u00b7 Kraai De sluiers zijn dun. Niet zichtbaar.Maar voelbaar. Dit is een drempel.Geen plek om doorheen te gaan,maar een plek om te blijven. Tussen licht en schaduw.Tussen adem en stilte.Tussen herinnering en nu. Shadows Between Worlds. Waar zwartgeen leegte is,maar alles bevat. Waar herinneringniet&hellip;","mfb_rest_fields":["title","aioseo_notices","uagb_featured_image_src","uagb_author_info","uagb_comment_info","uagb_excerpt"],"_links":{"self":[{"href":"https:\/\/star-of-light.nl\/de\/wp-json\/wp\/v2\/event_listing\/3492","targetHints":{"allow":["GET"]}}],"collection":[{"href":"https:\/\/star-of-light.nl\/de\/wp-json\/wp\/v2\/event_listing"}],"about":[{"href":"https:\/\/star-of-light.nl\/de\/wp-json\/wp\/v2\/types\/event_listing"}],"wp:featuredmedia":[{"embeddable":true,"href":"https:\/\/star-of-light.nl\/de\/wp-json\/wp\/v2\/media\/5933"}],"wp:attachment":[{"href":"https:\/\/star-of-light.nl\/de\/wp-json\/wp\/v2\/media?parent=3492"}],"wp:term":[{"taxonomy":"event_listing_category","embeddable":true,"href":"https:\/\/star-of-light.nl\/de\/wp-json\/wp\/v2\/event_listing_category?post=3492"},{"taxonomy":"event_listing_type","embeddable":true,"href":"https:\/\/star-of-light.nl\/de\/wp-json\/wp\/v2\/event_listing_type?post=3492"}],"curies":[{"name":"wp","href":"https:\/\/api.w.org\/{rel}","templated":true}]}}