{"id":3494,"date":"2025-11-26T21:19:18","date_gmt":"2025-11-26T20:19:18","guid":{"rendered":"https:\/\/star-of-light.nl\/?post_type=event_listing&#038;p=3494"},"modified":"2026-03-31T09:58:10","modified_gmt":"2026-03-31T07:58:10","slug":"source-sounds-breath-release","status":"publish","type":"event_listing","link":"https:\/\/star-of-light.nl\/de\/veranstaltung\/source-sounds-breath-release\/","title":{"rendered":"Breath of Release - Klangquellen"},"content":{"rendered":"<div class=\"wp-block-uagb-info-box uagb-block-7aaff8cf uagb-infobox__content-wrap  uagb-infobox-icon-above-title uagb-infobox-image-valign-top\"><div class=\"uagb-ifb-content\"><div class=\"uagb-ifb-title-wrap\"><h3 class=\"uagb-ifb-title-prefix\">Atem der Befreiung<\/h3><p class=\"uagb-ifb-title\">Eine Sonnen-Resonanz-Zeremonie<\/p><\/div><p class=\"uagb-ifb-desc\">Source Sounds ist ein Feld von Klang, Pr\u00e4senz und Erinnerung.<br>Jede Zeremonie steht f\u00fcr sich, bewegt sich aber gleichzeitig in einem gr\u00f6\u00dferen Rhythmus von Sonne, Mond und verk\u00f6rperter Weisheit.<\/p><div class=\"uagb-ifb-button-wrapper wp-block-button\"><a href=\"https:\/\/star-of-light.nl\/de\/source-sounds\/\" target=\"_self\" onclick=\"return true;\" class=\"uagb-infobox-cta-link\" rel=\"noopener noreferrer\"><span class=\"uagb-inline-editing\">Entdecken Sie das Programm des Jahres<\/span><svg xmlns=\"https:\/\/www.w3.org\/2000\/svg\" viewbox=\"0 0 512 512\"><path d=\"M504.3 273.6l-112.1 104c-6.992 6.484-17.18 8.218-25.94 4.406c-8.758-3.812-14.42-12.45-14.42-21.1L351.9 288H32C14.33 288 .0002 273.7 .0002 255.1S14.33 224 32 224h319.9l0-72c0-9.547 5.66-18.19 14.42-22c8.754-3.809 18.95-2.075 25.94 4.41l112.1 104C514.6 247.9 514.6 264.1 504.3 273.6z\"><\/path><\/svg><\/a><\/div><\/div><\/div>\n\n\n\n<hr class=\"wp-block-separator has-text-color has-ast-global-color-3-color has-alpha-channel-opacity has-ast-global-color-3-background-color has-background\"\/>\n\n\n\n<p class=\"has-text-align-center has-ast-global-color-3-color has-text-color has-link-color wp-elements-99ea4b651d218091fd44c6e3eeaec275\" style=\"line-height:2\">Das Licht wird weicher.<br>Nicht abrupt.<br>Nicht als Ende.<br>Aber zum Schluss.<\/p>\n\n\n\n<p class=\"has-text-align-center has-ast-global-color-3-color has-text-color has-link-color wp-elements-3825325e89624db7edc663239ae3f27b\" style=\"line-height:2\">Die Sonne trifft uns immer noch<br>mit ihrer letzten Hitze.<br>Nicht zu halten,<br>sondern zu erweichen.<\/p>\n\n\n\n<p class=\"has-text-align-center has-ast-global-color-3-color has-text-color has-link-color wp-elements-d78d7ccd1382eaee06f222bef22030a4\" style=\"line-height:2\">Was gewachsen ist,<br>hat seine Form gekannt.<br>Was wurde getragen,<br>kann jetzt leichter werden.<\/p>\n\n\n\n<p class=\"has-text-align-center has-ast-global-color-3-color has-text-color has-link-color wp-elements-7e5ddeefa5c9ec2da3fddef764880a74\" style=\"line-height:2\">Dies ist der Moment<br>der Ausatmung.<br>Wo halten<br>ist nicht mehr erforderlich.<\/p>\n\n\n\n<p class=\"has-text-align-center has-ast-global-color-3-color has-text-color has-link-color wp-elements-5c90c6e7a0333b495d6d95a838a55a8b\" style=\"line-height:2\">Breath of Release.<\/p>\n\n\n\n<p class=\"has-text-align-center has-ast-global-color-3-color has-text-color has-link-color wp-elements-f97563823ee01c097fe22437a75cedd9\" style=\"line-height:2\">Wo nichts verschwindet,<br>kann aber zur\u00fcckkehren<br>zur Erde.<br>Nicht als Verlust.<br>Aber als Erg\u00e4nzung.<\/p>\n\n\n\n<p class=\"has-text-align-center has-ast-global-color-3-color has-text-color has-link-color wp-elements-8258854eccdf69bf5f9653b03ce9ce20\" style=\"line-height:2\">Wenn Sie sich davon angesprochen f\u00fchlen, sind Sie herzlich willkommen.<\/p>\n\n\n\n<p class=\"has-ast-global-color-3-color has-text-color has-link-color wp-elements-4ab6b2f55f0dcb97e88bc6c05a06b115\" style=\"margin-top:var(--wp--preset--spacing--80);margin-bottom:var(--wp--preset--spacing--80)\"><strong><strong>Beitrag f\u00fcr diesen Abend:<\/strong><\/strong> \u20ac45<\/p>\n\n\n\n<h5 class=\"wp-block-heading has-text-align-center\">- Einstreu &amp; praktische Informationen -<\/h5>\n\n\n\n<details class=\"wp-block-details has-ast-global-color-0-color has-text-color has-link-color wp-elements-f68209987436ad1b669e33f013c4f222 is-layout-flow wp-block-details-is-layout-flow\"><summary><strong><strong>\u2727<\/strong><\/strong> <strong>DAS FELD<\/strong><\/summary>\n<p class=\"has-ast-global-color-3-color has-text-color has-link-color wp-elements-0877d9049fc7cebd20172be9db92ccb9\" style=\"line-height:2\">Wir versinken im Atem,<br>in einem Feld des Gleichgewichts<br>und Abfluss.<\/p>\n\n\n\n<p class=\"has-ast-global-color-3-color has-text-color has-link-color wp-elements-134b18c3c6f2686a019495ffb9ba0155\" style=\"line-height:2\">Ein Raum<br>wo sich die Spannung bewegen kann<br>ohne gesendet zu werden.<\/p>\n\n\n\n<p class=\"has-ast-global-color-3-color has-text-color has-link-color wp-elements-e71e825cd1c4d8c8dce02b4e15321cd3\" style=\"line-height:2\">Der Atem bewegt sich<br>durch Brust und Zwerchfell.<br>Nichts zu \u00f6ffnen,<br>sondern loslassen<br>die ihre Aufgabe erf\u00fcllt hat.<\/p>\n\n\n\n<p class=\"has-ast-global-color-3-color has-text-color has-link-color wp-elements-6e7d75e0678c71662e67d6163f18d1fb\" style=\"line-height:2\">Ton folgt<br>die Ausatmung.<br>Weich.<br>Ger\u00e4umig.<br>Nicht tragen,<br>aber unterst\u00fctzend<br>\u00fcber das Loslassen.<\/p>\n\n\n\n<p class=\"has-ast-global-color-3-color has-text-color has-link-color wp-elements-229d471c89898193664a02fdcdf7dc73\" style=\"line-height:2\">Die Spannung kann nachlassen<br>ohne ernannt zu werden.<br>Raum und Klarheit<br>Herkunft<br>Durch Loslassen.<\/p>\n<\/details>\n\n\n\n<details class=\"wp-block-details has-ast-global-color-0-color has-text-color has-link-color wp-elements-77bc30cbf592c3e1f31bec71dae03880 is-layout-flow wp-block-details-is-layout-flow\"><summary><strong>\u2727 DER HUND<\/strong><\/summary>\n<p class=\"has-ast-global-color-3-color has-text-color has-link-color wp-elements-a82ce142e5c5f6ced442cfc4f66c1897\" style=\"line-height:2\">Der Hirsch bewegt sich<br>mit Aufmerksamkeit.<br>Wachsam, aber nicht verkrampft.<\/p>\n\n\n\n<p class=\"has-ast-global-color-3-color has-text-color has-link-color wp-elements-718011c036ccc08e7db050291bbd0410\" style=\"line-height:2\">Er wei\u00df<br>wann man bleiben sollte<br>und wann man loslassen muss.<br>Nicht ohne Zweifel,<br>aber aus der Reihe tanzen.<\/p>\n\n\n\n<p class=\"has-ast-global-color-3-color has-text-color has-link-color wp-elements-c5621ca1edb062e31db235abee09b4bc\" style=\"line-height:2\">Seine St\u00e4rke liegt in<br>in Weichheit<br>die weiterhin vorhanden ist.<br>In Offenheit<br>ohne die Richtung zu verlieren.<\/p>\n\n\n\n<p class=\"has-ast-global-color-3-color has-text-color has-link-color wp-elements-5b21789ba6c847aa67bec99be83fb716\" style=\"line-height:2\">Das Reh erinnert dich daran<br>Loslassen<br>ist kein Lebewohl,<br>sondern eine Form<br>des Vertrauens.<\/p>\n<\/details>\n\n\n\n<details class=\"wp-block-details has-ast-global-color-0-color has-text-color has-link-color wp-elements-3533a9805052defd0c7f035231ee1109 is-layout-flow wp-block-details-is-layout-flow\"><summary><strong>\u2727 DIE EINLADUNG<\/strong><\/summary>\n<p class=\"has-ast-global-color-3-color has-text-color has-link-color wp-elements-d4717e67d09477d8ca834013234f5f2a\" style=\"line-height:2\">Dieser Abend l\u00e4dt Sie ein<br>Bewusstes Ausatmen.<\/p>\n\n\n\n<p class=\"has-ast-global-color-3-color has-text-color has-link-color wp-elements-4f473bc86c8c9d38f2c3fc9693128f0a\" style=\"line-height:2\">F\u00fchlen<br>Was Sie nicht mehr tragen m\u00fcssen.<br>Was ist erlaubt?<br>zu Boden.<\/p>\n\n\n\n<p class=\"has-ast-global-color-3-color has-text-color has-link-color wp-elements-19868844de37cd644fcb0447e03362dd\" style=\"line-height:2\">Ein Moment<br>heller zu werden<br>Ohne sich selbst aufzugeben.<br>Raum zum Entstehen lassen<br>in K\u00f6rper und Aufmerksamkeit.<\/p>\n\n\n\n<p class=\"has-ast-global-color-3-color has-text-color has-link-color wp-elements-71a7e697ffa75152acd691879f7ef2d4\" style=\"line-height:2\">Fallenlassen<br>die zur\u00fcckkehren k\u00f6nnen<br>zur Erde.<\/p>\n\n\n\n<p class=\"has-ast-global-color-3-color has-text-color has-link-color wp-elements-16012ee4bb7d04374d67eddd23a1a901\" style=\"line-height:2\">Nicht durch Auswahl.<br>Aber durch die Erlaubnis.<\/p>\n\n\n\n<p class=\"has-ast-global-color-3-color has-text-color has-link-color wp-elements-2ba620d8eb77c9af8d08e9a2c876bb6a\" style=\"line-height:2\">Sie k\u00f6nnen sich ausruhen<br>in dem, was vollst\u00e4ndig ist.<\/p>\n<\/details>\n\n\n\n<details class=\"wp-block-details has-ast-global-color-0-color has-text-color has-link-color wp-elements-02a504b017b0482ebc2c5c382027d603 is-layout-flow wp-block-details-is-layout-flow\"><summary><strong><strong><strong>\u2727<\/strong><\/strong> \u00dcBER DIESE ABENDE<\/strong><\/summary>\n<p class=\"has-ast-global-color-8-color has-text-color has-link-color wp-elements-37869e69798a790bf4a9573f74f8fd1e\">Jeder Abend ist eine Einladung, zu sich selbst nach Hause zu kommen. Zuzuh\u00f6ren, zu f\u00fchlen, loszulassen, sich zu erinnern.<\/p>\n\n\n\n<p class=\"has-ast-global-color-3-color has-text-color has-link-color wp-elements-1efbec94f982d137042609fd72693730\" style=\"line-height:2\">Zusammen bilden die Abende der Quellenkl\u00e4nge ein tragendes Bett. Sie k\u00f6nnen einmal teilnehmen oder mehrere Abende im Laufe des Jahres besuchen.<\/p>\n\n\n\n<p class=\"has-ast-global-color-3-color has-text-color has-link-color wp-elements-04fd5952d641149c1f661a74d0b8577d\" style=\"line-height:2\">Jede Zeremonie ist ein heiliger Raum, in dem du eingeladen bist, dich zu versenken, zu \u00f6ffnen und zu erinnern. Die Form ergibt sich aus dem Moment. Abgestimmt auf die Jahreszeit, das Feld, die Sonne, den Mond und die anwesenden Menschen.<br><em>Wir arbeiten intuitiv mit Elementen des Schamanismus, der K\u00f6rperweisheit und der Klangheilung, eingestimmt auf die Energie der Jahreszeit und der Gruppe.<\/em><\/p>\n\n\n\n<p class=\"has-ast-global-color-3-color has-text-color has-link-color wp-elements-24f93728cb7038bda9656b318f5cb54e\" style=\"line-height:2\">Der Klang tr\u00e4gt die Reise. Die Klangreise bildet das Bett aus Schwingung und Stille, in dem sich entfaltet, was n\u00f6tig ist, um zu sinken, den tieferen Schichten zu folgen und zu integrieren. Zuvor stimmen wir K\u00f6rper und Aufmerksamkeit durch Atem, Bewegung oder F\u00fchrung ein.<\/p>\n\n\n\n<p class=\"has-ast-global-color-3-color has-text-color has-link-color wp-elements-c05f20697c6382818202e304df770f3f\" style=\"line-height:2\">Jeder Abend ist ein Moment des Nach-Hause-Kommens - ein Innehalten in der Zeit, eine Landung in deinem K\u00f6rper und deinem Herzen.<\/p>\n<\/details>\n\n\n\n<details class=\"wp-block-details has-ast-global-color-0-color has-text-color has-link-color wp-elements-347d48468c8c5b476e35afea14e982c4 is-layout-flow wp-block-details-is-layout-flow\"><summary><strong><strong>\u2727<\/strong><\/strong> <strong>PRAKTISCHE INFORMATIONEN<\/strong><\/summary>\n<p class=\"has-ast-global-color-3-color has-text-color has-link-color wp-elements-7662b4e7f084e632a9763feffefcb722\" style=\"line-height:2\">- Startzeit: 19:15\u00a0<em>(wir beginnen gemeinsam)<\/em><br>- Tragen Sie Kleidung, in der Sie leicht landen k\u00f6nnen.<br>- Kissen, Decken und Matten liegen f\u00fcr Sie bereit.<br>- Sie k\u00f6nnen gerne einen pers\u00f6nlichen oder wertvollen Gegenstand f\u00fcr den Altar mitbringen (den Sie anschlie\u00dfend wieder mit nach Hause nehmen k\u00f6nnen).<br>- Wenn es geht: Stift und Papier f\u00fcr Notizen.<\/p>\n<\/details>\n\n\n\n<div class=\"wp-block-uagb-container uagb-block-ffeaf441 alignfull uagb-is-root-container\"><div class=\"uagb-container-inner-blocks-wrap\">\n<div class=\"wp-block-uagb-info-box uagb-block-fe15213f uagb-infobox__content-wrap  uagb-infobox-icon-above-title uagb-infobox-image-valign-top wp-block-uagb-info-box--has-margin\"><div class=\"uagb-infobox-margin-wrapper\"><div class=\"uagb-ifb-content\"><div class=\"uagb-ifb-title-wrap\"><p class=\"uagb-ifb-title-prefix\">- Quelle Kl\u00e4nge -<\/p><h5 class=\"uagb-ifb-title\">Rad der Resonanz &amp; Erinnerung<\/h5><\/div><p class=\"uagb-ifb-desc\"><em>Diese Zeremonie ist Teil der <strong>Quelle Kl\u00e4nge<\/strong> - ein j\u00e4hrliches Rad mit acht Momenten, in denen sich Resonanz und Neuvorstellung vertiefen.<\/em><\/p><div class=\"uagb-ifb-button-wrapper wp-block-button\"><a href=\"https:\/\/star-of-light.nl\/de\/source-sounds\/\" class=\"uagb-infobox-cta-link wp-block-button__link\" target=\"_self\" rel=\"noopener noreferrer\" onclick=\"return true;\"><span class=\"uagb-inline-editing\">Entdecken Sie die Serie<\/span><\/a><\/div><\/div><\/div><\/div>\n<\/div><\/div>","protected":false},"featured_media":5935,"template":"","meta":{"_acf_changed":false,"_uag_custom_page_level_css":"","site-sidebar-layout":"default","site-content-layout":"","ast-site-content-layout":"default","site-content-style":"default","site-sidebar-style":"default","ast-global-header-display":"","ast-banner-title-visibility":"","ast-main-header-display":"","ast-hfb-above-header-display":"","ast-hfb-below-header-display":"","ast-hfb-mobile-header-display":"","site-post-title":"disabled","ast-breadcrumbs-content":"","ast-featured-img":"","footer-sml-layout":"","ast-disable-related-posts":"","theme-transparent-header-meta":"","adv-header-id-meta":"","stick-header-meta":"","header-above-stick-meta":"","header-main-stick-meta":"","header-below-stick-meta":"","astra-migrate-meta-layouts":"set","ast-page-background-enabled":"default","ast-page-background-meta":{"desktop":{"background-color":"","background-image":"","background-repeat":"repeat","background-position":"center center","background-size":"auto","background-attachment":"scroll","background-type":"","background-media":"","overlay-type":"","overlay-color":"","overlay-opacity":"","overlay-gradient":""},"tablet":{"background-color":"","background-image":"","background-repeat":"repeat","background-position":"center center","background-size":"auto","background-attachment":"scroll","background-type":"","background-media":"","overlay-type":"","overlay-color":"","overlay-opacity":"","overlay-gradient":""},"mobile":{"background-color":"","background-image":"","background-repeat":"repeat","background-position":"center center","background-size":"auto","background-attachment":"scroll","background-type":"","background-media":"","overlay-type":"","overlay-color":"","overlay-opacity":"","overlay-gradient":""}},"ast-content-background-meta":{"desktop":{"background-color":"var(--ast-global-color-5)","background-image":"","background-repeat":"repeat","background-position":"center center","background-size":"auto","background-attachment":"scroll","background-type":"","background-media":"","overlay-type":"","overlay-color":"","overlay-opacity":"","overlay-gradient":""},"tablet":{"background-color":"var(--ast-global-color-5)","background-image":"","background-repeat":"repeat","background-position":"center center","background-size":"auto","background-attachment":"scroll","background-type":"","background-media":"","overlay-type":"","overlay-color":"","overlay-opacity":"","overlay-gradient":""},"mobile":{"background-color":"var(--ast-global-color-5)","background-image":"","background-repeat":"repeat","background-position":"center center","background-size":"auto","background-attachment":"scroll","background-type":"","background-media":"","overlay-type":"","overlay-color":"","overlay-opacity":"","overlay-gradient":""}}},"event_listing_category":[42],"event_listing_type":[108],"class_list":["post-3494","event_listing","type-event_listing","status-publish","has-post-thumbnail","hentry","event_listing_category-ceremonies-soundhealing","event_listing_type-soundhealing"],"acf":[],"aioseo_notices":[],"mb":[],"uagb_featured_image_src":{"full":["https:\/\/star-of-light.nl\/wp-content\/uploads\/2025\/11\/1-2.png",1920,1080,false],"thumbnail":["https:\/\/star-of-light.nl\/wp-content\/uploads\/2025\/11\/1-2-150x150.png",150,150,true],"medium":["https:\/\/star-of-light.nl\/wp-content\/uploads\/2025\/11\/1-2-300x169.png",300,169,true],"medium_large":["https:\/\/star-of-light.nl\/wp-content\/uploads\/2025\/11\/1-2-768x432.png",768,432,true],"large":["https:\/\/star-of-light.nl\/wp-content\/uploads\/2025\/11\/1-2-1024x576.png",1024,576,true],"1536x1536":["https:\/\/star-of-light.nl\/wp-content\/uploads\/2025\/11\/1-2-1536x864.png",1536,864,true],"2048x2048":["https:\/\/star-of-light.nl\/wp-content\/uploads\/2025\/11\/1-2.png",1920,1080,false],"trp-custom-language-flag":["https:\/\/star-of-light.nl\/wp-content\/uploads\/2025\/11\/1-2.png",18,10,false]},"uagb_author_info":{"display_name":"Ellen","author_link":"https:\/\/star-of-light.nl\/de\/author\/"},"uagb_comment_info":0,"uagb_excerpt":"Het licht wordt zachter.Niet abrupt.Niet als einde.Maar als afronding. De zon raakt ons nogmet haar laatste warmte.Niet om vast te houden,maar om te verzachten. Wat gegroeid is,heeft zijn vorm gekend.Wat gedragen werd,mag nu lichter worden. Dit is het momentvan de uitademing.Waar vasthoudenniet langer nodig is. Breath of Release. Waar niets verdwijnt,maar terug mag kerennaar de&hellip;","mfb_rest_fields":["title","aioseo_notices","uagb_featured_image_src","uagb_author_info","uagb_comment_info","uagb_excerpt"],"_links":{"self":[{"href":"https:\/\/star-of-light.nl\/de\/wp-json\/wp\/v2\/event_listing\/3494","targetHints":{"allow":["GET"]}}],"collection":[{"href":"https:\/\/star-of-light.nl\/de\/wp-json\/wp\/v2\/event_listing"}],"about":[{"href":"https:\/\/star-of-light.nl\/de\/wp-json\/wp\/v2\/types\/event_listing"}],"wp:featuredmedia":[{"embeddable":true,"href":"https:\/\/star-of-light.nl\/de\/wp-json\/wp\/v2\/media\/5935"}],"wp:attachment":[{"href":"https:\/\/star-of-light.nl\/de\/wp-json\/wp\/v2\/media?parent=3494"}],"wp:term":[{"taxonomy":"event_listing_category","embeddable":true,"href":"https:\/\/star-of-light.nl\/de\/wp-json\/wp\/v2\/event_listing_category?post=3494"},{"taxonomy":"event_listing_type","embeddable":true,"href":"https:\/\/star-of-light.nl\/de\/wp-json\/wp\/v2\/event_listing_type?post=3494"}],"curies":[{"name":"wp","href":"https:\/\/api.w.org\/{rel}","templated":true}]}}