{"id":449,"date":"2025-11-05T11:59:30","date_gmt":"2025-11-05T11:59:30","guid":{"rendered":"https:\/\/star-of-light.nl\/massages\/"},"modified":"2026-03-26T15:16:08","modified_gmt":"2026-03-26T14:16:08","slug":"yoga-meditatie","status":"publish","type":"page","link":"https:\/\/star-of-light.nl\/de\/yoga-meditatie\/","title":{"rendered":"Yoga &amp; Meditation"},"content":{"rendered":"<div class=\"wp-block-uagb-container uagb-block-7f2014f6 alignfull uagb-is-root-container\"><div class=\"uagb-container-inner-blocks-wrap\">\n<div class=\"wp-block-uagb-advanced-heading uagb-block-3f2e0ff3\"><h1 class=\"uagb-heading-text\">Yoga &amp; Meditation<\/h1><p class=\"uagb-desc-text\">Verstillung in Bewegung &amp; Verbindung in Atmung<\/p><\/div>\n<\/div><\/div>\n\n\n\n<div class=\"wp-block-uagb-container uagb-block-5b1f1820 alignfull uagb-is-root-container\"><div class=\"uagb-container-inner-blocks-wrap\">\n<div class=\"wp-block-uagb-advanced-heading uagb-block-7c0a82a7\"><h6 class=\"uagb-heading-text\"><strong><strong>Nehmen Sie sich einen Moment Zeit zum Atmen<\/strong><\/strong><\/h6><\/div>\n\n\n\n<div class=\"wp-block-uagb-advanced-heading uagb-block-afe4b1f0\"><h2 class=\"uagb-heading-text\">Raum zum F\u00fchlen und Sein<\/h2><p class=\"uagb-desc-text\">Yoga und Meditation laden zur Entschleunigung ein, <br>atmen und im Moment pr\u00e4sent sein.<br><br>Durch sanfte Bewegung, <br>Atem <br>und Stille <br>wieder in Kontakt mit sich selbst zu kommen -<br>mit dem, was in Ihrem K\u00f6rper lebt,<br>Ihr Herz <br>und Ihr Bewusstsein.<\/p><\/div>\n\n\n\n<div class=\"wp-block-buttons is-content-justification-center is-layout-flex wp-container-core-buttons-is-layout-a89b3969 wp-block-buttons-is-layout-flex\">\n<div class=\"wp-block-button is-style-outline is-style-outline--1\"><a class=\"wp-block-button__link has-text-align-center wp-element-button\" href=\"https:\/\/www.momoyoga.com\/star-of-light\/schedule\" style=\"text-transform:none\" data-no-auto-translation=\"\">Begin hier jouw Yoga reis<\/a><\/div>\n<\/div>\n<\/div><\/div>\n\n\n\n<div class=\"wp-block-uagb-container uagb-block-675fa966 default uagb-is-root-container\">\n<div class=\"wp-block-uagb-container uagb-block-12e28c06\"><\/div>\n\n\n\n<div class=\"wp-block-uagb-container uagb-block-166100ed\">\n<div class=\"wp-block-uagb-info-box uagb-block-a290e82e uagb-infobox__content-wrap  uagb-infobox-icon-above-title uagb-infobox-image-valign-top\"><div class=\"uagb-ifb-content\"><div class=\"uagb-ifb-title-wrap\"><h3 class=\"uagb-ifb-title\">Yoga - ein Weg nach innen<\/h3><\/div><p class=\"uagb-ifb-desc\">In jeder Lektion werden Sie aufgefordert, langsamer zu werden,<br>zu atmen, sich aus der Sanftheit heraus zu bewegen.<br>Wir nutzen Atem und bewusste Bewegung<br>Spannung abbauen<br>und machen Sie Platz f\u00fcr das, was in Ihnen lebt.<br>Jede Praxis ist eine Begegnung mit sich selbst -<br>einen Moment zum Landen, F\u00fchlen und Sein.<br><br><em>Sie sind herzlich eingeladen, zu erfahren, was Yoga f\u00fcr Sie bedeutet.<\/em><\/p><\/div><\/div>\n\n\n\n<div class=\"wp-block-uagb-advanced-heading uagb-block-63c8230e\"><h4 class=\"uagb-heading-text\">Das Wesentliche<\/h4><\/div>\n\n\n\n<div class=\"wp-block-uagb-icon-list uagb-block-714de9f9\"><div class=\"uagb-icon-list__wrap\">\n<div class=\"wp-block-uagb-icon-list-child uagb-block-a65c4e38\"><span class=\"uagb-icon-list__source-wrap\"><svg xmlns=\"https:\/\/www.w3.org\/2000\/svg\" viewbox=\"0 0 512 512\"><path d=\"M512 256C512 397.4 397.4 512 256 512C114.6 512 0 397.4 0 256C0 114.6 114.6 0 256 0C397.4 0 512 114.6 512 256z\"><\/path><\/svg><\/span><span class=\"uagb-icon-list__label\">Bringt Ruhe und Raum in K\u00f6rper und Geist<\/span><\/div>\n\n\n\n<div class=\"wp-block-uagb-icon-list-child uagb-block-0ed25796\"><span class=\"uagb-icon-list__source-wrap\"><svg xmlns=\"https:\/\/www.w3.org\/2000\/svg\" viewbox=\"0 0 512 512\"><path d=\"M512 256C512 397.4 397.4 512 256 512C114.6 512 0 397.4 0 256C0 114.6 114.6 0 256 0C397.4 0 512 114.6 512 256z\"><\/path><\/svg><\/span><span class=\"uagb-icon-list__label\">Hilft, Spannungen zu l\u00f6sen und Energie flie\u00dfen zu lassen<\/span><\/div>\n\n\n\n<div class=\"wp-block-uagb-icon-list-child uagb-block-e2bb553a\"><span class=\"uagb-icon-list__source-wrap\"><svg xmlns=\"https:\/\/www.w3.org\/2000\/svg\" viewbox=\"0 0 512 512\"><path d=\"M512 256C512 397.4 397.4 512 256 512C114.6 512 0 397.4 0 256C0 114.6 114.6 0 256 0C397.4 0 512 114.6 512 256z\"><\/path><\/svg><\/span><span class=\"uagb-icon-list__label\">Vertieft den Atem und erh\u00f6ht das K\u00f6rperbewusstsein<\/span><\/div>\n\n\n\n<div class=\"wp-block-uagb-icon-list-child uagb-block-ad67e0b7\"><span class=\"uagb-icon-list__source-wrap\"><svg xmlns=\"https:\/\/www.w3.org\/2000\/svg\" viewbox=\"0 0 512 512\"><path d=\"M512 256C512 397.4 397.4 512 256 512C114.6 512 0 397.4 0 256C0 114.6 114.6 0 256 0C397.4 0 512 114.6 512 256z\"><\/path><\/svg><\/span><span class=\"uagb-icon-list__label\">L\u00e4dt zu Sanftheit, Stille und Pr\u00e4senz ein<\/span><\/div>\n<\/div><\/div>\n\n\n\n<div class=\"wp-block-uagb-info-box uagb-block-c4451042 uagb-infobox__content-wrap  uagb-infobox-icon-above-title uagb-infobox-image-valign-top wp-block-uagb-info-box--has-margin\"><div class=\"uagb-infobox-margin-wrapper\"><div class=\"uagb-ifb-content\"><div class=\"uagb-ifb-title-wrap\"><\/div><div class=\"uagb-ifb-button-wrapper wp-block-button\"><a href=\"#yogavormen\" class=\"uagb-infobox-cta-link wp-block-button__link\" target=\"_self\" rel=\"noopener noreferrer\" onclick=\"return true;\"><span class=\"uagb-inline-editing\">Entdecken Sie, was zu Ihnen passt, sehen Sie sich Yoga-Formen an<\/span><\/a><\/div><\/div><\/div><\/div>\n<\/div>\n<\/div>\n\n\n\n<div class=\"wp-block-uagb-container uagb-block-7354c442 default uagb-is-root-container\">\n<div class=\"wp-block-uagb-container uagb-block-5e6241d2\"><\/div>\n\n\n\n<div class=\"wp-block-uagb-container uagb-block-1bdccfcb\">\n<div class=\"wp-block-uagb-info-box uagb-block-3505257c uagb-infobox__content-wrap  uagb-infobox-icon-above-title uagb-infobox-image-valign-top\"><div class=\"uagb-ifb-content\"><div class=\"uagb-ifb-title-wrap\"><h3 class=\"uagb-ifb-title\">Meditation - die Kunst, pr\u00e4sent zu sein<\/h3><\/div><p class=\"uagb-ifb-desc\">Ein ruhiger Raum, um zur Ruhe zu kommen, zu f\u00fchlen und sich bewusst mit sich selbst zu verbinden.<br><br>In der Stille wendet man sich nach innen.<br>Sie h\u00f6ren auf das, was Sie bewegt, ohne zu lenken oder zu verstehen.<br>Wir arbeiten mit Themen, die im Moment lebendig sind und lassen Raum f\u00fcr das, was sich zeigen will.<br>Die Sitzungen laden zu Sanftheit, Einsicht und zur R\u00fcckkehr zu sich selbst ein.<\/p><\/div><\/div>\n\n\n\n<div class=\"wp-block-uagb-advanced-heading uagb-block-273ee095\"><h4 class=\"uagb-heading-text\">Das Wesentliche<\/h4><\/div>\n\n\n\n<div class=\"wp-block-uagb-icon-list uagb-block-68ee28e8\"><div class=\"uagb-icon-list__wrap\">\n<div class=\"wp-block-uagb-icon-list-child uagb-block-09df3f8a\"><span class=\"uagb-icon-list__source-wrap\"><svg xmlns=\"https:\/\/www.w3.org\/2000\/svg\" viewbox=\"0 0 512 512\"><path d=\"M512 256C512 397.4 397.4 512 256 512C114.6 512 0 397.4 0 256C0 114.6 114.6 0 256 0C397.4 0 512 114.6 512 256z\"><\/path><\/svg><\/span><span class=\"uagb-icon-list__label\">Bringt Klarheit und Ruhe in den Geist<\/span><\/div>\n\n\n\n<div class=\"wp-block-uagb-icon-list-child uagb-block-72e5c7ce\"><span class=\"uagb-icon-list__source-wrap\"><svg xmlns=\"https:\/\/www.w3.org\/2000\/svg\" viewbox=\"0 0 512 512\"><path d=\"M512 256C512 397.4 397.4 512 256 512C114.6 512 0 397.4 0 256C0 114.6 114.6 0 256 0C397.4 0 512 114.6 512 256z\"><\/path><\/svg><\/span><span class=\"uagb-icon-list__label\">St\u00e4rkt Ihre F\u00e4higkeit, zu f\u00fchlen und pr\u00e4sent zu bleiben<\/span><\/div>\n\n\n\n<div class=\"wp-block-uagb-icon-list-child uagb-block-38da2f9d\"><span class=\"uagb-icon-list__source-wrap\"><svg xmlns=\"https:\/\/www.w3.org\/2000\/svg\" viewbox=\"0 0 512 512\"><path d=\"M512 256C512 397.4 397.4 512 256 512C114.6 512 0 397.4 0 256C0 114.6 114.6 0 256 0C397.4 0 512 114.6 512 256z\"><\/path><\/svg><\/span><span class=\"uagb-icon-list__label\">Schafft Raum f\u00fcr Einsicht und innere Stille<\/span><\/div>\n\n\n\n<div class=\"wp-block-uagb-icon-list-child uagb-block-42cbba7f\"><span class=\"uagb-icon-list__source-wrap\"><svg xmlns=\"https:\/\/www.w3.org\/2000\/svg\" viewbox=\"0 0 512 512\"><path d=\"M512 256C512 397.4 397.4 512 256 512C114.6 512 0 397.4 0 256C0 114.6 114.6 0 256 0C397.4 0 512 114.6 512 256z\"><\/path><\/svg><\/span><span class=\"uagb-icon-list__label\">Unterst\u00fctzt Sie dabei, bewusster und aus dem Herzen heraus zu leben<\/span><\/div>\n<\/div><\/div>\n\n\n\n<div class=\"wp-block-uagb-info-box uagb-block-cadf5007 uagb-infobox__content-wrap  uagb-infobox-icon-above-title uagb-infobox-image-valign-top wp-block-uagb-info-box--has-margin\"><div class=\"uagb-infobox-margin-wrapper\"><div class=\"uagb-ifb-content\"><div class=\"uagb-ifb-title-wrap\"><\/div><div class=\"uagb-ifb-button-wrapper wp-block-button\"><a href=\"#yogavormen\" class=\"uagb-infobox-cta-link wp-block-button__link\" target=\"_self\" rel=\"noopener noreferrer\" onclick=\"return true;\"><span class=\"uagb-inline-editing\">Lesen Sie \u00fcber Meditation<\/span><\/a><\/div><\/div><\/div><\/div>\n<\/div>\n<\/div>\n\n\n\n<div id=\"yogavormen\" class=\"wp-block-uagb-container uagb-block-549a5ad5 alignfull uagb-is-root-container\"><div class=\"uagb-container-inner-blocks-wrap\">\n<div class=\"wp-block-uagb-advanced-heading uagb-block-701119a8\"><h6 class=\"uagb-heading-text\"><strong>F\u00fchlen Sie, was zu Ihnen passt<\/strong><\/h6><\/div>\n\n\n\n<div class=\"wp-block-uagb-advanced-heading uagb-block-37710600\"><h2 class=\"uagb-heading-text\">Entdecken Sie die verschiedenen Formen <\/h2><\/div>\n\n\n\n<div class=\"wp-block-uagb-container uagb-block-3c20c146\">\n<div class=\"wp-block-uagb-container uagb-block-337cdd43\">\n<div class=\"wp-block-uagb-advanced-heading uagb-block-b54c6465\"><h6 class=\"uagb-heading-text\"><strong>Hatha | Yin-Yang | Vinyas<\/strong>a<\/h6><\/div>\n\n\n\n<div class=\"wp-block-uagb-info-box uagb-block-d073a210 uagb-infobox__content-wrap  uagb-infobox-icon-above-title uagb-infobox-image-valign-top\"><div class=\"uagb-ifb-content\"><div class=\"uagb-ifb-title-wrap\"><h4 class=\"uagb-ifb-title\">Gleichgewichtsbewusstsein<\/h4><\/div><p class=\"uagb-ifb-desc\">Eine flie\u00dfende Kombination aus Kraft und Sanftheit - wo Atem, Bewegung und Stille zusammenkommen. Eine Einladung, dein inneres Gleichgewicht zu sp\u00fcren.<\/p><div class=\"uagb-ifb-button-wrapper wp-block-button\"><a href=\"https:\/\/star-of-light.nl\/de\/yoga-meditatie\/yogavormen\/\" target=\"_self\" onclick=\"return true;\" class=\"uagb-infobox-cta-link\" rel=\"noopener noreferrer\"><span class=\"uagb-inline-editing\">Meeressaum<\/span><svg xmlns=\"https:\/\/www.w3.org\/2000\/svg\" viewbox=\"0 0 512 512\"><path d=\"M504.3 273.6l-112.1 104c-6.992 6.484-17.18 8.218-25.94 4.406c-8.758-3.812-14.42-12.45-14.42-21.1L351.9 288H32C14.33 288 .0002 273.7 .0002 255.1S14.33 224 32 224h319.9l0-72c0-9.547 5.66-18.19 14.42-22c8.754-3.809 18.95-2.075 25.94 4.41l112.1 104C514.6 247.9 514.6 264.1 504.3 273.6z\"><\/path><\/svg><\/a><\/div><\/div><\/div>\n<\/div>\n\n\n\n<div class=\"wp-block-uagb-container uagb-block-5024559e\">\n<div class=\"wp-block-uagb-advanced-heading uagb-block-7970c194\"><h6 class=\"uagb-heading-text\"><strong>Power Yoga | Ashtanga | Pilates<\/strong><\/h6><\/div>\n\n\n\n<div class=\"wp-block-uagb-info-box uagb-block-c598ef39 uagb-infobox__content-wrap  uagb-infobox-icon-above-title uagb-infobox-image-valign-top\"><div class=\"uagb-ifb-content\"><div class=\"uagb-ifb-title-wrap\"><h4 class=\"uagb-ifb-title\">K\u00f6rperbewu\u00dftsein<\/h4><\/div><p class=\"uagb-ifb-desc\">Eine dynamische Klasse, die Kraft, Konzentration und Atem verbindet. Aktiv, vertiefend und bewusst in deinem K\u00f6rper pr\u00e4sent.<br><\/p><div class=\"uagb-ifb-button-wrapper wp-block-button\"><a href=\"https:\/\/star-of-light.nl\/de\/yoga-meditatie\/yogavormen\/\" target=\"_self\" onclick=\"return true;\" class=\"uagb-infobox-cta-link\" rel=\"noopener noreferrer\"><span class=\"uagb-inline-editing\">Meeressaum<\/span><svg xmlns=\"https:\/\/www.w3.org\/2000\/svg\" viewbox=\"0 0 512 512\"><path d=\"M504.3 273.6l-112.1 104c-6.992 6.484-17.18 8.218-25.94 4.406c-8.758-3.812-14.42-12.45-14.42-21.1L351.9 288H32C14.33 288 .0002 273.7 .0002 255.1S14.33 224 32 224h319.9l0-72c0-9.547 5.66-18.19 14.42-22c8.754-3.809 18.95-2.075 25.94 4.41l112.1 104C514.6 247.9 514.6 264.1 504.3 273.6z\"><\/path><\/svg><\/a><\/div><\/div><\/div>\n<\/div>\n\n\n\n<div class=\"wp-block-uagb-container uagb-block-a83925ec\">\n<div class=\"wp-block-uagb-advanced-heading uagb-block-eb40580f\"><h6 class=\"uagb-heading-text\"><strong>Hatha | Tai Chi<\/strong><\/h6><\/div>\n\n\n\n<div class=\"wp-block-uagb-info-box uagb-block-7156884f uagb-infobox__content-wrap  uagb-infobox-icon-above-title uagb-infobox-image-valign-top\"><div class=\"uagb-ifb-content\"><div class=\"uagb-ifb-title-wrap\"><h4 class=\"uagb-ifb-title\"><strong>Vital Awareness 55+<\/strong><\/h4><\/div><p class=\"uagb-ifb-desc\">Ein sanfter, zug\u00e4nglicher Kurs f\u00fcr Vitalit\u00e4t, Stabilit\u00e4t und inneren Frieden.<br>Bewegen Sie sich mit Aufmerksamkeit, in Ihrem eigenen Rhythmus.<br><\/p><div class=\"uagb-ifb-button-wrapper wp-block-button\"><a href=\"https:\/\/star-of-light.nl\/de\/yoga-meditatie\/yogavormen\/\" target=\"_self\" onclick=\"return true;\" class=\"uagb-infobox-cta-link\" rel=\"noopener noreferrer\"><span class=\"uagb-inline-editing\">Meeressaum<\/span><svg xmlns=\"https:\/\/www.w3.org\/2000\/svg\" viewbox=\"0 0 512 512\"><path d=\"M504.3 273.6l-112.1 104c-6.992 6.484-17.18 8.218-25.94 4.406c-8.758-3.812-14.42-12.45-14.42-21.1L351.9 288H32C14.33 288 .0002 273.7 .0002 255.1S14.33 224 32 224h319.9l0-72c0-9.547 5.66-18.19 14.42-22c8.754-3.809 18.95-2.075 25.94 4.41l112.1 104C514.6 247.9 514.6 264.1 504.3 273.6z\"><\/path><\/svg><\/a><\/div><\/div><\/div>\n<\/div>\n<\/div>\n\n\n\n<div class=\"wp-block-uagb-container uagb-block-1f27e3d2\">\n<div class=\"wp-block-uagb-container uagb-block-3987512a\">\n<div class=\"wp-block-uagb-advanced-heading uagb-block-fade2c54\"><h6 class=\"uagb-heading-text\"><strong>Somatisch | Yin | Erholsam<\/strong><\/h6><\/div>\n\n\n\n<div class=\"wp-block-uagb-info-box uagb-block-a9074bf2 uagb-infobox__content-wrap  uagb-infobox-icon-above-title uagb-infobox-image-valign-top\"><div class=\"uagb-ifb-content\"><div class=\"uagb-ifb-title-wrap\"><h4 class=\"uagb-ifb-title\"><strong>Innere Achtsamkeit<\/strong><\/h4><\/div><p class=\"uagb-ifb-desc\">Ein sanfter, traumasensibler Kurs f\u00fcr tiefe Entspannung und Erholung.<br>Verlangsamen Sie, sp\u00fcren Sie und kommen Sie ganz im Moment an.<\/p><div class=\"uagb-ifb-button-wrapper wp-block-button\"><a href=\"https:\/\/star-of-light.nl\/de\/yoga-meditatie\/yogavormen\/\" target=\"_self\" onclick=\"return true;\" class=\"uagb-infobox-cta-link\" rel=\"noopener noreferrer\"><span class=\"uagb-inline-editing\">Meeressaum<\/span><svg xmlns=\"https:\/\/www.w3.org\/2000\/svg\" viewbox=\"0 0 512 512\"><path d=\"M504.3 273.6l-112.1 104c-6.992 6.484-17.18 8.218-25.94 4.406c-8.758-3.812-14.42-12.45-14.42-21.1L351.9 288H32C14.33 288 .0002 273.7 .0002 255.1S14.33 224 32 224h319.9l0-72c0-9.547 5.66-18.19 14.42-22c8.754-3.809 18.95-2.075 25.94 4.41l112.1 104C514.6 247.9 514.6 264.1 504.3 273.6z\"><\/path><\/svg><\/a><\/div><\/div><\/div>\n<\/div>\n\n\n\n<div class=\"wp-block-uagb-container uagb-block-6d2bc73c\">\n<div class=\"wp-block-uagb-advanced-heading uagb-block-8d47b6f1\"><h6 class=\"uagb-heading-text\"><strong>Gef\u00fchrte Meditation<\/strong><\/h6><\/div>\n\n\n\n<div class=\"wp-block-uagb-info-box uagb-block-3ed409a5 uagb-infobox__content-wrap  uagb-infobox-icon-above-title uagb-infobox-image-valign-top\"><div class=\"uagb-ifb-content\"><div class=\"uagb-ifb-title-wrap\"><h4 class=\"uagb-ifb-title\"><strong><strong>In der Stille nach Hause kommen<\/strong><\/strong><\/h4><\/div><p class=\"uagb-ifb-desc\">Wir wenden uns nach innen, zu dem Ort, an dem sich Atem und Bewusstsein treffen.<br>Ein Raum zum Sein, ohne etwas tun zu m\u00fcssen.<\/p><div class=\"uagb-ifb-button-wrapper wp-block-button\"><a href=\"https:\/\/star-of-light.nl\/de\/yoga-meditatie\/yogavormen\/\" target=\"_self\" onclick=\"return true;\" class=\"uagb-infobox-cta-link\" rel=\"noopener noreferrer\"><span class=\"uagb-inline-editing\">Meeressaum<\/span><svg xmlns=\"https:\/\/www.w3.org\/2000\/svg\" viewbox=\"0 0 512 512\"><path d=\"M504.3 273.6l-112.1 104c-6.992 6.484-17.18 8.218-25.94 4.406c-8.758-3.812-14.42-12.45-14.42-21.1L351.9 288H32C14.33 288 .0002 273.7 .0002 255.1S14.33 224 32 224h319.9l0-72c0-9.547 5.66-18.19 14.42-22c8.754-3.809 18.95-2.075 25.94 4.41l112.1 104C514.6 247.9 514.6 264.1 504.3 273.6z\"><\/path><\/svg><\/a><\/div><\/div><\/div>\n<\/div>\n<\/div>\n\n\n\n<div class=\"wp-block-uagb-info-box uagb-block-f77abbda uagb-infobox__content-wrap  uagb-infobox-icon-above-title uagb-infobox-image-valign-top wp-block-uagb-info-box--has-margin\"><div class=\"uagb-infobox-margin-wrapper\"><div class=\"uagb-ifb-content\"><div class=\"uagb-ifb-title-wrap\"><\/div><div class=\"uagb-ifb-button-wrapper wp-block-button\"><a href=\"https:\/\/www.momoyoga.com\/star-of-light\/schedule\" class=\"uagb-infobox-cta-link wp-block-button__link\" target=\"_self\" rel=\"noopener noreferrer\" onclick=\"return true;\" data-no-auto-translation=\"\"><span class=\"uagb-inline-editing\">Plan een Proefles<\/span><\/a><\/div><\/div><\/div><\/div>\n<\/div><\/div>\n\n\n\n<div class=\"wp-block-uagb-container uagb-block-l0yvaiuo alignfull uagb-is-root-container\"><div class=\"uagb-container-inner-blocks-wrap\">\n<div class=\"wp-block-uagb-info-box uagb-block-wwd2bf7n uagb-infobox__content-wrap  uagb-infobox-icon-above-title uagb-infobox-image-valign-top\"><div class=\"uagb-ifb-content\"><div class=\"uagb-ifb-title-wrap\"><h2 class=\"uagb-ifb-title\">Geschichten von Frieden und Gleichgewicht<\/h2><\/div><p class=\"uagb-ifb-desc\">Entdecken Sie, wie Yoga und Meditation anderen helfen, langsamer zu werden, zu f\u00fchlen und pr\u00e4sent zu sein.<\/p><\/div><\/div>\n\n\n\n<div class=\"wp-block-uagb-container uagb-block-vhi0tzyr\">\n<div class=\"wp-block-uagb-container uagb-block-p5l8vtpe\">\n<div class=\"wp-block-uagb-info-box uagb-block-yiydphpf uagb-infobox__content-wrap  uagb-infobox-icon-above-title uagb-infobox-image-valign-top wp-block-uagb-info-box--has-margin\"><div class=\"uagb-infobox-margin-wrapper\"><div class=\"uagb-ifb-content\"><div class=\"uagb-ifb-icon-wrap\"><svg xmlns=\"https:\/\/www.w3.org\/2000\/svg\" viewbox=\"0 0 448 512\"><path d=\"M96 224C84.72 224 74.05 226.3 64 229.9V224c0-35.3 28.7-64 64-64c17.67 0 32-14.33 32-32S145.7 96 128 96C57.42 96 0 153.4 0 224v96c0 53.02 42.98 96 96 96s96-42.98 96-96S149 224 96 224zM352 224c-11.28 0-21.95 2.305-32 5.879V224c0-35.3 28.7-64 64-64c17.67 0 32-14.33 32-32s-14.33-32-32-32c-70.58 0-128 57.42-128 128v96c0 53.02 42.98 96 96 96s96-42.98 96-96S405 224 352 224z\"><\/path><\/svg><\/div><div class=\"uagb-ifb-title-wrap\"><p class=\"uagb-ifb-title-prefix\">Ich nehme nun schon seit einiger Zeit Yoga-Kurse bei Ellen. Sie ist freundlich, professionell, kenntnisreich und gibt ihr Wissen gerne weiter. Man kommt als gehetzter Mensch herein und verl\u00e4sst den Raum als neugeborener Mensch. Sehr empfehlenswert f\u00fcr jeden!<\/p><p class=\"uagb-ifb-title\">Marcel<\/p><\/div><\/div><\/div><\/div>\n<\/div>\n\n\n\n<div class=\"wp-block-uagb-container uagb-block-3zpqogd3\">\n<div class=\"wp-block-uagb-info-box uagb-block-olbvuwo7 uagb-infobox__content-wrap  uagb-infobox-icon-above-title uagb-infobox-image-valign-top wp-block-uagb-info-box--has-margin\"><div class=\"uagb-infobox-margin-wrapper\"><div class=\"uagb-ifb-content\"><div class=\"uagb-ifb-icon-wrap\"><svg xmlns=\"https:\/\/www.w3.org\/2000\/svg\" viewbox=\"0 0 448 512\"><path d=\"M96 224C84.72 224 74.05 226.3 64 229.9V224c0-35.3 28.7-64 64-64c17.67 0 32-14.33 32-32S145.7 96 128 96C57.42 96 0 153.4 0 224v96c0 53.02 42.98 96 96 96s96-42.98 96-96S149 224 96 224zM352 224c-11.28 0-21.95 2.305-32 5.879V224c0-35.3 28.7-64 64-64c17.67 0 32-14.33 32-32s-14.33-32-32-32c-70.58 0-128 57.42-128 128v96c0 53.02 42.98 96 96 96s96-42.98 96-96S405 224 352 224z\"><\/path><\/svg><\/div><div class=\"uagb-ifb-title-wrap\"><p class=\"uagb-ifb-title-prefix\">Eine stimmungsvolle Yogastunde, in der auf Ruhe und Atmung geachtet wird, bietet alle Voraussetzungen, um mehr Bewegung in den K\u00f6rper zu bringen.<\/p><p class=\"uagb-ifb-title\">Anneke<\/p><\/div><\/div><\/div><\/div>\n<\/div>\n\n\n\n<div class=\"wp-block-uagb-container uagb-block-qfjvxjkx\">\n<div class=\"wp-block-uagb-info-box uagb-block-spd8gn5b uagb-infobox__content-wrap  uagb-infobox-icon-above-title uagb-infobox-image-valign-top wp-block-uagb-info-box--has-margin\"><div class=\"uagb-infobox-margin-wrapper\"><div class=\"uagb-ifb-content\"><div class=\"uagb-ifb-icon-wrap\"><svg xmlns=\"https:\/\/www.w3.org\/2000\/svg\" viewbox=\"0 0 448 512\"><path d=\"M96 224C84.72 224 74.05 226.3 64 229.9V224c0-35.3 28.7-64 64-64c17.67 0 32-14.33 32-32S145.7 96 128 96C57.42 96 0 153.4 0 224v96c0 53.02 42.98 96 96 96s96-42.98 96-96S149 224 96 224zM352 224c-11.28 0-21.95 2.305-32 5.879V224c0-35.3 28.7-64 64-64c17.67 0 32-14.33 32-32s-14.33-32-32-32c-70.58 0-128 57.42-128 128v96c0 53.02 42.98 96 96 96s96-42.98 96-96S405 224 352 224z\"><\/path><\/svg><\/div><div class=\"uagb-ifb-title-wrap\"><p class=\"uagb-ifb-title-prefix\">Ich mache seit einiger Zeit Yoga und finde, dass ich dadurch wirklich Ruhe erfahre. Es ist nicht so einfach, sich zu bewegen, also mache ich viele \u00dcbungen vom Stuhl aus, und das ist genau richtig. Ellen erkl\u00e4rt alles in aller Ruhe und ich kann in meinem eigenen Tempo mitmachen. Das gibt mir Entspannung und ein sch\u00f6nes Gef\u00fchl, wirklich ein Moment f\u00fcr mich selbst.<\/p><p class=\"uagb-ifb-title\">Hans-Peter<\/p><\/div><\/div><\/div><\/div>\n<\/div>\n<\/div>\n<\/div><\/div>","protected":false},"excerpt":{"rendered":"<p>Yoga &amp; Meditatie Verstilling in Beweging &amp; Verbinding in Adem Neem een moment om te ademen Ruimte om te voelen en te zijn Yoga en meditatie nodigen je uit om te vertragen, te ademen en aanwezig te zijn in het moment. Door zachte beweging, adem en stilte kom je weer in contact met jezelf \u2014met [&hellip;]<\/p>\n","protected":false},"author":1,"featured_media":0,"parent":0,"menu_order":0,"comment_status":"closed","ping_status":"closed","template":"","meta":{"_acf_changed":false,"_uag_custom_page_level_css":"","site-sidebar-layout":"default","site-content-layout":"page-builder","ast-site-content-layout":"full-width-container","site-content-style":"unboxed","site-sidebar-style":"unboxed","ast-global-header-display":"","ast-banner-title-visibility":"","ast-main-header-display":"","ast-hfb-above-header-display":"","ast-hfb-below-header-display":"","ast-hfb-mobile-header-display":"","site-post-title":"disabled","ast-breadcrumbs-content":"","ast-featured-img":"","footer-sml-layout":"","ast-disable-related-posts":"","theme-transparent-header-meta":"disabled","adv-header-id-meta":"","stick-header-meta":"","header-above-stick-meta":"","header-main-stick-meta":"","header-below-stick-meta":"","astra-migrate-meta-layouts":"set","ast-page-background-enabled":"default","ast-page-background-meta":{"desktop":{"background-color":"","background-image":"","background-repeat":"repeat","background-position":"center center","background-size":"auto","background-attachment":"scroll","background-type":"","background-media":"","overlay-type":"","overlay-color":"","overlay-opacity":"","overlay-gradient":""},"tablet":{"background-color":"","background-image":"","background-repeat":"repeat","background-position":"center center","background-size":"auto","background-attachment":"scroll","background-type":"","background-media":"","overlay-type":"","overlay-color":"","overlay-opacity":"","overlay-gradient":""},"mobile":{"background-color":"","background-image":"","background-repeat":"repeat","background-position":"center center","background-size":"auto","background-attachment":"scroll","background-type":"","background-media":"","overlay-type":"","overlay-color":"","overlay-opacity":"","overlay-gradient":""}},"ast-content-background-meta":{"desktop":{"background-color":"var(--ast-global-color-5)","background-image":"","background-repeat":"repeat","background-position":"center center","background-size":"auto","background-attachment":"scroll","background-type":"","background-media":"","overlay-type":"","overlay-color":"","overlay-opacity":"","overlay-gradient":""},"tablet":{"background-color":"var(--ast-global-color-5)","background-image":"","background-repeat":"repeat","background-position":"center center","background-size":"auto","background-attachment":"scroll","background-type":"","background-media":"","overlay-type":"","overlay-color":"","overlay-opacity":"","overlay-gradient":""},"mobile":{"background-color":"var(--ast-global-color-5)","background-image":"","background-repeat":"repeat","background-position":"center center","background-size":"auto","background-attachment":"scroll","background-type":"","background-media":"","overlay-type":"","overlay-color":"","overlay-opacity":"","overlay-gradient":""}},"footnotes":""},"class_list":["post-449","page","type-page","status-publish","hentry"],"acf":[],"aioseo_notices":[],"mb":[],"_hostinger_reach_plugin_has_subscription_block":false,"_hostinger_reach_plugin_is_elementor":false,"uagb_featured_image_src":{"full":false,"thumbnail":false,"medium":false,"medium_large":false,"large":false,"1536x1536":false,"2048x2048":false,"trp-custom-language-flag":false},"uagb_author_info":{"display_name":"Ellen","author_link":"https:\/\/star-of-light.nl\/de\/author\/infostar-of-light-nl\/"},"uagb_comment_info":0,"uagb_excerpt":"Yoga &amp; Meditatie Verstilling in Beweging &amp; Verbinding in Adem Neem een moment om te ademen Ruimte om te voelen en te zijn Yoga en meditatie nodigen je uit om te vertragen, te ademen en aanwezig te zijn in het moment. Door zachte beweging, adem en stilte kom je weer in contact met jezelf \u2014met&hellip;","mfb_rest_fields":["title","aioseo_notices","_hostinger_reach_plugin_has_subscription_block","_hostinger_reach_plugin_is_elementor","uagb_featured_image_src","uagb_author_info","uagb_comment_info","uagb_excerpt"],"_links":{"self":[{"href":"https:\/\/star-of-light.nl\/de\/wp-json\/wp\/v2\/pages\/449","targetHints":{"allow":["GET"]}}],"collection":[{"href":"https:\/\/star-of-light.nl\/de\/wp-json\/wp\/v2\/pages"}],"about":[{"href":"https:\/\/star-of-light.nl\/de\/wp-json\/wp\/v2\/types\/page"}],"author":[{"embeddable":true,"href":"https:\/\/star-of-light.nl\/de\/wp-json\/wp\/v2\/users\/1"}],"replies":[{"embeddable":true,"href":"https:\/\/star-of-light.nl\/de\/wp-json\/wp\/v2\/comments?post=449"}],"version-history":[{"count":143,"href":"https:\/\/star-of-light.nl\/de\/wp-json\/wp\/v2\/pages\/449\/revisions"}],"predecessor-version":[{"id":6986,"href":"https:\/\/star-of-light.nl\/de\/wp-json\/wp\/v2\/pages\/449\/revisions\/6986"}],"wp:attachment":[{"href":"https:\/\/star-of-light.nl\/de\/wp-json\/wp\/v2\/media?parent=449"}],"curies":[{"name":"wp","href":"https:\/\/api.w.org\/{rel}","templated":true}]}}